{"id":1864,"date":"2018-01-24T16:46:18","date_gmt":"2018-01-24T15:46:18","guid":{"rendered":"http:\/\/zs3.rybnik.pl\/www\/?page_id=1864"},"modified":"2018-01-24T17:00:00","modified_gmt":"2018-01-24T16:00:00","slug":"galeria-20162017","status":"publish","type":"page","link":"https:\/\/zs3.rybnik.pl\/www\/galeria-20162017\/","title":{"rendered":"2016\/2017"},"content":{"rendered":"<div class=\"ngg-albumoverview\">\n            <div class=\"ngg-album-compact\">\n            <div class=\"ngg-album-compactbox\">\n                <div class=\"ngg-album-link\">\n                                        <a title='G6 zdj\u0119cia klasowe'\n                       href='https:\/\/zs3.rybnik.pl\/www\/galeria-20162017\/nggallery\/20162017\/g6-zdjecia-klasowe'>\n                        <img class=\"Thumb\"\n                             alt=\"G6 zdj\u0119cia klasowe\"\n                             src=\"https:\/\/zs3.rybnik.pl\/www\/wp-content\/gallery\/g6-zdjecia-klasowe\/cache\/I-b.jpg-nggid011-ngg0dyn-91x68-00f0w010c011r110f110r010t010.jpg\"\/>\n                    <\/a>\n                                    <\/div>\n            <\/div>\n                        <h4>\n                <a class='ngg-album-desc' title='G6 zdj\u0119cia klasowe'\n                       href='https:\/\/zs3.rybnik.pl\/www\/galeria-20162017\/nggallery\/20162017\/g6-zdjecia-klasowe'style=\"max-width: 111px\">G6 zdj\u0119cia klasowe<\/a>\n            <\/h4>\n            <p class=\"ngg-album-gallery-image-counter\">\n                                    <strong>8<\/strong>&nbsp;Zdj\u0119\u0107                            <\/p>\n        <\/div>\n            <div class=\"ngg-album-compact\">\n            <div class=\"ngg-album-compactbox\">\n                <div class=\"ngg-album-link\">\n                                        <a title='VLO Zdj\u0119cia klasowe'\n                       href='https:\/\/zs3.rybnik.pl\/www\/galeria-20162017\/nggallery\/20162017\/VLO-Zdj\u0119cia-klasowe'>\n                        <img class=\"Thumb\"\n                             alt=\"VLO Zdj\u0119cia klasowe\"\n                             src=\"https:\/\/zs3.rybnik.pl\/www\/wp-content\/gallery\/vlo-zdjecia-klasowe\/cache\/I-A.jpg-nggid0211-ngg0dyn-91x68-00f0w010c011r110f110r010t010.jpg\"\/>\n                    <\/a>\n                                    <\/div>\n            <\/div>\n                        <h4>\n                <a class='ngg-album-desc' title='VLO Zdj\u0119cia klasowe'\n                       href='https:\/\/zs3.rybnik.pl\/www\/galeria-20162017\/nggallery\/20162017\/VLO-Zdj\u0119cia-klasowe'style=\"max-width: 111px\">VLO Zdj\u0119cia klasowe<\/a>\n            <\/h4>\n            <p class=\"ngg-album-gallery-image-counter\">\n                                    <strong>9<\/strong>&nbsp;Zdj\u0119\u0107                            <\/p>\n        <\/div>\n            <div class=\"ngg-album-compact\">\n            <div class=\"ngg-album-compactbox\">\n                <div class=\"ngg-album-link\">\n                                        <a title='Dzie\u0144 J\u0119zyk\u00f3w Obcych'\n                       href='https:\/\/zs3.rybnik.pl\/www\/galeria-20162017\/nggallery\/20162017\/Dzie\u0144-J\u0119zyk\u00f3w-Obcych'>\n                        <img class=\"Thumb\"\n                             alt=\"Dzie\u0144 J\u0119zyk\u00f3w Obcych\"\n                             src=\"https:\/\/zs3.rybnik.pl\/www\/wp-content\/gallery\/dzien-jezykow-obcych\/cache\/IMG_7812.jpg-nggid03170-ngg0dyn-91x68-00f0w010c011r110f110r010t010.jpg\"\/>\n                    <\/a>\n                                    <\/div>\n            <\/div>\n                        <h4>\n                <a class='ngg-album-desc' title='Dzie\u0144 J\u0119zyk\u00f3w Obcych'\n                       href='https:\/\/zs3.rybnik.pl\/www\/galeria-20162017\/nggallery\/20162017\/Dzie\u0144-J\u0119zyk\u00f3w-Obcych'style=\"max-width: 111px\">Dzie\u0144 J\u0119zyk\u00f3w Obcych<\/a>\n            <\/h4>\n            <p class=\"ngg-album-gallery-image-counter\">\n                                    <strong>9<\/strong>&nbsp;Zdj\u0119\u0107                            <\/p>\n        <\/div>\n            <div class=\"ngg-album-compact\">\n            <div class=\"ngg-album-compactbox\">\n                <div class=\"ngg-album-link\">\n                                        <a title='Dzie\u0144 nauczyciela'\n                       href='https:\/\/zs3.rybnik.pl\/www\/galeria-20162017\/nggallery\/20162017\/Dzie\u0144-nauczyciela'>\n                        <img class=\"Thumb\"\n                             alt=\"Dzie\u0144 nauczyciela\"\n                             src=\"https:\/\/zs3.rybnik.pl\/www\/wp-content\/gallery\/dzien-nauczyciela\/cache\/DSC_1083.JPG-nggid03179-ngg0dyn-91x68-00f0w010c011r110f110r010t010.JPG\"\/>\n                    <\/a>\n                                    <\/div>\n            <\/div>\n                        <h4>\n                <a class='ngg-album-desc' title='Dzie\u0144 nauczyciela'\n                       href='https:\/\/zs3.rybnik.pl\/www\/galeria-20162017\/nggallery\/20162017\/Dzie\u0144-nauczyciela'style=\"max-width: 111px\">Dzie\u0144 nauczyciela<\/a>\n            <\/h4>\n            <p class=\"ngg-album-gallery-image-counter\">\n                                    <strong>9<\/strong>&nbsp;Zdj\u0119\u0107                            <\/p>\n        <\/div>\n            <div class=\"ngg-album-compact\">\n            <div class=\"ngg-album-compactbox\">\n                <div class=\"ngg-album-link\">\n                                        <a title='Otrz\u0119siny Klas I LO'\n                       href='https:\/\/zs3.rybnik.pl\/www\/galeria-20162017\/nggallery\/20162017\/Otrz\u0119siny-Klas-I-LO'>\n                        <img class=\"Thumb\"\n                             alt=\"Otrz\u0119siny Klas I LO\"\n                             src=\"https:\/\/zs3.rybnik.pl\/www\/wp-content\/gallery\/otrzesiny-klas-i-lo\/cache\/2.jpg-nggid03188-ngg0dyn-91x68-00f0w010c011r110f110r010t010.jpg\"\/>\n                    <\/a>\n                                    <\/div>\n            <\/div>\n                        <h4>\n                <a class='ngg-album-desc' title='Otrz\u0119siny Klas I LO'\n                       href='https:\/\/zs3.rybnik.pl\/www\/galeria-20162017\/nggallery\/20162017\/Otrz\u0119siny-Klas-I-LO'style=\"max-width: 111px\">Otrz\u0119siny Klas I LO<\/a>\n            <\/h4>\n            <p class=\"ngg-album-gallery-image-counter\">\n                                    <strong>9<\/strong>&nbsp;Zdj\u0119\u0107                            <\/p>\n        <\/div>\n            <div class=\"ngg-album-compact\">\n            <div class=\"ngg-album-compactbox\">\n                <div class=\"ngg-album-link\">\n                                        <a title='Wycieczka dydaktyczna klas I Opole'\n                       href='https:\/\/zs3.rybnik.pl\/www\/galeria-20162017\/nggallery\/20162017\/Wycieczka-dydaktyczna-klas-I-Opole'>\n                        <img class=\"Thumb\"\n                             alt=\"Wycieczka dydaktyczna klas I Opole\"\n                             src=\"https:\/\/zs3.rybnik.pl\/www\/wp-content\/gallery\/wycieczka-dydaktyczna-klas-i-opole\/cache\/DSC_1214.JPG-nggid03206-ngg0dyn-91x68-00f0w010c011r110f110r010t010.JPG\"\/>\n                    <\/a>\n                                    <\/div>\n            <\/div>\n                        <h4>\n                <a class='ngg-album-desc' title='Wycieczka dydaktyczna klas I Opole'\n                       href='https:\/\/zs3.rybnik.pl\/www\/galeria-20162017\/nggallery\/20162017\/Wycieczka-dydaktyczna-klas-I-Opole'style=\"max-width: 111px\">Wycieczka dydaktyczna klas I Opole<\/a>\n            <\/h4>\n            <p class=\"ngg-album-gallery-image-counter\">\n                                    <strong>9<\/strong>&nbsp;Zdj\u0119\u0107                            <\/p>\n        <\/div>\n            <div class=\"ngg-album-compact\">\n            <div class=\"ngg-album-compactbox\">\n                <div class=\"ngg-album-link\">\n                                        <a title='Dzie\u0144 Patrona Szko\u0142y'\n                       href='https:\/\/zs3.rybnik.pl\/www\/galeria-20162017\/nggallery\/20162017\/Dzie\u0144-Patrona-Szko\u0142y'>\n                        <img class=\"Thumb\"\n                             alt=\"Dzie\u0144 Patrona Szko\u0142y\"\n                             src=\"https:\/\/zs3.rybnik.pl\/www\/wp-content\/gallery\/dzien-patrona-szkoly\/cache\/DSC_0007.JPG-nggid03197-ngg0dyn-91x68-00f0w010c011r110f110r010t010.JPG\"\/>\n                    <\/a>\n                                    <\/div>\n            <\/div>\n                        <h4>\n                <a class='ngg-album-desc' title='Dzie\u0144 Patrona Szko\u0142y'\n                       href='https:\/\/zs3.rybnik.pl\/www\/galeria-20162017\/nggallery\/20162017\/Dzie\u0144-Patrona-Szko\u0142y'style=\"max-width: 111px\">Dzie\u0144 Patrona Szko\u0142y<\/a>\n            <\/h4>\n            <p class=\"ngg-album-gallery-image-counter\">\n                                    <strong>9<\/strong>&nbsp;Zdj\u0119\u0107                            <\/p>\n        <\/div>\n            <div class=\"ngg-album-compact\">\n            <div class=\"ngg-album-compactbox\">\n                <div class=\"ngg-album-link\">\n                                        <a title='Konkurs czytania w j\u0119zykach obcych'\n                       href='https:\/\/zs3.rybnik.pl\/www\/galeria-20162017\/nggallery\/20162017\/Konkurs-czytania-w-j\u0119zykach-obcych'>\n                        <img class=\"Thumb\"\n                             alt=\"Konkurs czytania w j\u0119zykach obcych\"\n                             src=\"https:\/\/zs3.rybnik.pl\/www\/wp-content\/gallery\/konkurs-czytania-w-jezykach-obcych\/cache\/DSC_0373.JPG-nggid03215-ngg0dyn-91x68-00f0w010c011r110f110r010t010.JPG\"\/>\n                    <\/a>\n                                    <\/div>\n            <\/div>\n                        <h4>\n                <a class='ngg-album-desc' title='Konkurs czytania w j\u0119zykach obcych'\n                       href='https:\/\/zs3.rybnik.pl\/www\/galeria-20162017\/nggallery\/20162017\/Konkurs-czytania-w-j\u0119zykach-obcych'style=\"max-width: 111px\">Konkurs czytania w j\u0119zykach obcych<\/a>\n            <\/h4>\n            <p class=\"ngg-album-gallery-image-counter\">\n                                    <strong>8<\/strong>&nbsp;Zdj\u0119\u0107                            <\/p>\n        <\/div>\n            <div class=\"ngg-album-compact\">\n            <div class=\"ngg-album-compactbox\">\n                <div class=\"ngg-album-link\">\n                                        <a title='Jase\u0142ka'\n                       href='https:\/\/zs3.rybnik.pl\/www\/galeria-20162017\/nggallery\/20162017\/Jase\u0142ka'>\n                        <img class=\"Thumb\"\n                             alt=\"Jase\u0142ka\"\n                             src=\"https:\/\/zs3.rybnik.pl\/www\/wp-content\/gallery\/jaselka\/cache\/DSC_0448.JPG-nggid03223-ngg0dyn-91x68-00f0w010c011r110f110r010t010.JPG\"\/>\n                    <\/a>\n                                    <\/div>\n            <\/div>\n                        <h4>\n                <a class='ngg-album-desc' title='Jase\u0142ka'\n                       href='https:\/\/zs3.rybnik.pl\/www\/galeria-20162017\/nggallery\/20162017\/Jase\u0142ka'style=\"max-width: 111px\">Jase\u0142ka<\/a>\n            <\/h4>\n            <p class=\"ngg-album-gallery-image-counter\">\n                                    <strong>9<\/strong>&nbsp;Zdj\u0119\u0107                            <\/p>\n        <\/div>\n            <div class=\"ngg-album-compact\">\n            <div class=\"ngg-album-compactbox\">\n                <div class=\"ngg-album-link\">\n                                        <a title='Studni\u00f3wka'\n                       href='https:\/\/zs3.rybnik.pl\/www\/galeria-20162017\/nggallery\/20162017\/Studni\u00f3wka'>\n                        <img class=\"Thumb\"\n                             alt=\"Studni\u00f3wka\"\n                             src=\"https:\/\/zs3.rybnik.pl\/www\/wp-content\/gallery\/studniowka\/cache\/DSC_0512.JPG-nggid03232-ngg0dyn-91x68-00f0w010c011r110f110r010t010.JPG\"\/>\n                    <\/a>\n                                    <\/div>\n            <\/div>\n                        <h4>\n                <a class='ngg-album-desc' title='Studni\u00f3wka'\n                       href='https:\/\/zs3.rybnik.pl\/www\/galeria-20162017\/nggallery\/20162017\/Studni\u00f3wka'style=\"max-width: 111px\">Studni\u00f3wka<\/a>\n            <\/h4>\n            <p class=\"ngg-album-gallery-image-counter\">\n                                    <strong>11<\/strong>&nbsp;Zdj\u0119\u0107                            <\/p>\n        <\/div>\n        <br class=\"ngg-clear\"\/>\n    <div class='ngg-clear'><\/div><\/div>\n\n","protected":false},"excerpt":{"rendered":"","protected":false},"author":2,"featured_media":0,"parent":0,"menu_order":0,"comment_status":"closed","ping_status":"closed","template":"","meta":{"ngg_post_thumbnail":0},"_links":{"self":[{"href":"https:\/\/zs3.rybnik.pl\/www\/wp-json\/wp\/v2\/pages\/1864"}],"collection":[{"href":"https:\/\/zs3.rybnik.pl\/www\/wp-json\/wp\/v2\/pages"}],"about":[{"href":"https:\/\/zs3.rybnik.pl\/www\/wp-json\/wp\/v2\/types\/page"}],"author":[{"embeddable":true,"href":"https:\/\/zs3.rybnik.pl\/www\/wp-json\/wp\/v2\/users\/2"}],"replies":[{"embeddable":true,"href":"https:\/\/zs3.rybnik.pl\/www\/wp-json\/wp\/v2\/comments?post=1864"}],"version-history":[{"count":2,"href":"https:\/\/zs3.rybnik.pl\/www\/wp-json\/wp\/v2\/pages\/1864\/revisions"}],"predecessor-version":[{"id":1879,"href":"https:\/\/zs3.rybnik.pl\/www\/wp-json\/wp\/v2\/pages\/1864\/revisions\/1879"}],"wp:attachment":[{"href":"https:\/\/zs3.rybnik.pl\/www\/wp-json\/wp\/v2\/media?parent=1864"}],"curies":[{"name":"wp","href":"https:\/\/api.w.org\/{rel}","templated":true}]}}