{"id":3904,"date":"2018-05-17T21:06:56","date_gmt":"2018-05-17T19:06:56","guid":{"rendered":"http:\/\/zs3.rybnik.pl\/www\/?page_id=3904"},"modified":"2026-02-01T22:14:40","modified_gmt":"2026-02-01T21:14:40","slug":"rekrutacja-do-klasy-i-sp","status":"publish","type":"page","link":"https:\/\/zs3.rybnik.pl\/www\/rekrutacja-do-klasy-i-sp\/","title":{"rendered":"Rekrutacja do klasy I"},"content":{"rendered":"<p><strong>Rekrutacja do pierwszej klasy 2026\/2027<\/strong><\/p>\n<p>2 marca 2026 roku o godz. 8.00 zostanie uruchomiona <a href=\"http:\/\/rybnik.elemento.pl\">strona internetowa<\/a> dla rodzic\u00f3w kandydat\u00f3w rekrutuj\u0105cych do klas pierwszych na rok szkolny 2026\/2027.<\/p>\n<p><strong>Harmonogram czynno\u015bci w post\u0119powaniu rekrutacyjnym znajduje<br>si\u0119 w Zarz\u0105dzeniu Prezydenta Miasta Rybnika.<\/strong><\/p>\n<p>Witryna naborowa: <a href=\"http:\/\/rybnik.elemento.pl\"><strong>rybnik.elemento.pl<\/strong><\/a><\/p>\n\n\n<div class=\"wp-block-file\"><div class='afi-document'><div class='afi-document-icon'><a href='https:\/\/zs3.rybnik.pl\/www\/wp-content\/uploads\/2026\/02\/zarzadzenie-9.pdf'><img src='https:\/\/zs3.rybnik.pl\/www\/wp-content\/plugins\/attachment-file-icons\/mime\/pdf-icon.png'\/><\/a><\/div><div class='afi-document-link'><a href=\"https:\/\/zs3.rybnik.pl\/www\/wp-content\/uploads\/2026\/02\/zarzadzenie-9.pdf\" target=\"_blank\" rel=\"noreferrer noopener\">Zarz\u0105dzenie Prezydenta Miasta<\/a><\/div><\/div><div class='afi-clear'><\/div><\/div>\n\n\n\n<div class=\"wp-block-file\"><div class='afi-document'><div class='afi-document-icon'><a href='https:\/\/zs3.rybnik.pl\/www\/wp-content\/uploads\/2026\/02\/Testy-sprawnosci-SP-31-Klasa-interdyscyplinarna-nowa-wersja.pdf'><img src='https:\/\/zs3.rybnik.pl\/www\/wp-content\/plugins\/attachment-file-icons\/mime\/pdf-icon.png'\/><\/a><\/div><div class='afi-document-link'><a href=\"https:\/\/zs3.rybnik.pl\/www\/wp-content\/uploads\/2026\/02\/Testy-sprawnosci-SP-31-Klasa-interdyscyplinarna-nowa-wersja.pdf\" target=\"_blank\" rel=\"noreferrer noopener\">Testy sprawno\u015bci fizycznej<\/a><\/div><\/div><div class='afi-clear'><\/div><\/div>\n\n\n\n<div class=\"wp-block-file\"><div class='afi-document'><div class='afi-document-icon'><a href='https:\/\/zs3.rybnik.pl\/www\/wp-content\/uploads\/2024\/01\/ZGODA-RODZICOW-NA-UDZIAL-W-TESTACH-SPRAWNOSCI-FIZYCZNEJ-1.pdf'><img src='https:\/\/zs3.rybnik.pl\/www\/wp-content\/plugins\/attachment-file-icons\/mime\/pdf-icon.png'\/><\/a><\/div><div class='afi-document-link'><a href=\"https:\/\/zs3.rybnik.pl\/www\/wp-content\/uploads\/2024\/01\/ZGODA-RODZICOW-NA-UDZIAL-W-TESTACH-SPRAWNOSCI-FIZYCZNEJ-1.pdf\" target=\"_blank\" rel=\"noreferrer noopener\">Zgoda rodzica na udzia\u0142 w testach sprawno\u015bci fizycznej<\/a><\/div><\/div><div class='afi-clear'><\/div><\/div>\n\n\n\n<div class=\"wp-block-file\"><div class='afi-document'><div class='afi-document-icon'><a href='https:\/\/zs3.rybnik.pl\/www\/wp-content\/uploads\/2026\/02\/Potwierdzenie-woli-zapisu-do-klasy-1-podst.2.pdf'><img src='https:\/\/zs3.rybnik.pl\/www\/wp-content\/plugins\/attachment-file-icons\/mime\/pdf-icon.png'\/><\/a><\/div><div class='afi-document-link'><a href=\"https:\/\/zs3.rybnik.pl\/www\/wp-content\/uploads\/2026\/02\/Potwierdzenie-woli-zapisu-do-klasy-1-podst.2.pdf\" target=\"_blank\" rel=\"noreferrer noopener\">Potwierdzenie woli zapisu<\/a><\/div><\/div><div class='afi-clear'><\/div><\/div>\n\n\n\n<div class=\"wp-block-file\"><div class='afi-document'><div class='afi-document-icon'><a href='https:\/\/zs3.rybnik.pl\/www\/wp-content\/uploads\/2026\/02\/ulotka_rusza_nabor.pdf'><img src='https:\/\/zs3.rybnik.pl\/www\/wp-content\/plugins\/attachment-file-icons\/mime\/pdf-icon.png'\/><\/a><\/div><div class='afi-document-link'><a href=\"https:\/\/zs3.rybnik.pl\/www\/wp-content\/uploads\/2026\/02\/ulotka_rusza_nabor.pdf\" target=\"_blank\" rel=\"noreferrer noopener\">Rusza nab\u00f3r do klas pierwszych szk\u00f3\u0142 podstawowych &#8211; ulotka <\/a><\/div><\/div><div class='afi-clear'><\/div><\/div>\n\n\n\n<div class=\"wp-block-image\"><figure class=\"aligncenter size-large is-resized\"><img loading=\"lazy\" src=\"https:\/\/zs3.rybnik.pl\/www\/wp-content\/uploads\/2026\/02\/at-683x1024.jpg\" alt=\"\" class=\"wp-image-19807\" width=\"342\" height=\"512\" srcset=\"https:\/\/zs3.rybnik.pl\/www\/wp-content\/uploads\/2026\/02\/at-683x1024.jpg 683w, https:\/\/zs3.rybnik.pl\/www\/wp-content\/uploads\/2026\/02\/at-200x300.jpg 200w, https:\/\/zs3.rybnik.pl\/www\/wp-content\/uploads\/2026\/02\/at-768x1152.jpg 768w, https:\/\/zs3.rybnik.pl\/www\/wp-content\/uploads\/2026\/02\/at-106x159.jpg 106w, https:\/\/zs3.rybnik.pl\/www\/wp-content\/uploads\/2026\/02\/at.jpg 1024w\" sizes=\"(max-width: 342px) 100vw, 342px\" \/><\/figure><\/div>\n\n\n\n<div class=\"wp-block-image\"><figure class=\"aligncenter size-large is-resized\"><img loading=\"lazy\" src=\"https:\/\/zs3.rybnik.pl\/www\/wp-content\/uploads\/2026\/02\/rekrutacja_plakat1_jpg-724x1024.jpg\" alt=\"\" class=\"wp-image-19809\" width=\"362\" height=\"512\" srcset=\"https:\/\/zs3.rybnik.pl\/www\/wp-content\/uploads\/2026\/02\/rekrutacja_plakat1_jpg-724x1024.jpg 724w, https:\/\/zs3.rybnik.pl\/www\/wp-content\/uploads\/2026\/02\/rekrutacja_plakat1_jpg-212x300.jpg 212w, https:\/\/zs3.rybnik.pl\/www\/wp-content\/uploads\/2026\/02\/rekrutacja_plakat1_jpg-768x1086.jpg 768w, https:\/\/zs3.rybnik.pl\/www\/wp-content\/uploads\/2026\/02\/rekrutacja_plakat1_jpg-1086x1536.jpg 1086w, https:\/\/zs3.rybnik.pl\/www\/wp-content\/uploads\/2026\/02\/rekrutacja_plakat1_jpg-1448x2048.jpg 1448w, https:\/\/zs3.rybnik.pl\/www\/wp-content\/uploads\/2026\/02\/rekrutacja_plakat1_jpg-112x159.jpg 112w, https:\/\/zs3.rybnik.pl\/www\/wp-content\/uploads\/2026\/02\/rekrutacja_plakat1_jpg.jpg 1587w\" sizes=\"(max-width: 362px) 100vw, 362px\" \/><\/figure><\/div>\n","protected":false},"excerpt":{"rendered":"<p>Rekrutacja do pierwszej klasy 2026\/2027 2 marca 2026 roku o godz. 8.00 zostanie uruchomiona strona internetowa dla rodzic\u00f3w kandydat\u00f3w rekrutuj\u0105cych do klas pierwszych na rok szkolny 2026\/2027. Harmonogram czynno\u015bci w post\u0119powaniu rekrutacyjnym znajdujesi\u0119 w Zarz\u0105dzeniu Prezydenta Miasta Rybnika. Witryna naborowa: [&hellip;]<\/p>\n","protected":false},"author":7,"featured_media":0,"parent":0,"menu_order":0,"comment_status":"closed","ping_status":"closed","template":"","meta":{"ngg_post_thumbnail":0},"_links":{"self":[{"href":"https:\/\/zs3.rybnik.pl\/www\/wp-json\/wp\/v2\/pages\/3904"}],"collection":[{"href":"https:\/\/zs3.rybnik.pl\/www\/wp-json\/wp\/v2\/pages"}],"about":[{"href":"https:\/\/zs3.rybnik.pl\/www\/wp-json\/wp\/v2\/types\/page"}],"author":[{"embeddable":true,"href":"https:\/\/zs3.rybnik.pl\/www\/wp-json\/wp\/v2\/users\/7"}],"replies":[{"embeddable":true,"href":"https:\/\/zs3.rybnik.pl\/www\/wp-json\/wp\/v2\/comments?post=3904"}],"version-history":[{"count":52,"href":"https:\/\/zs3.rybnik.pl\/www\/wp-json\/wp\/v2\/pages\/3904\/revisions"}],"predecessor-version":[{"id":19818,"href":"https:\/\/zs3.rybnik.pl\/www\/wp-json\/wp\/v2\/pages\/3904\/revisions\/19818"}],"wp:attachment":[{"href":"https:\/\/zs3.rybnik.pl\/www\/wp-json\/wp\/v2\/media?parent=3904"}],"curies":[{"name":"wp","href":"https:\/\/api.w.org\/{rel}","templated":true}]}}