{"id":8842,"date":"2019-11-08T22:40:30","date_gmt":"2019-11-08T21:40:30","guid":{"rendered":"http:\/\/zs3.rybnik.pl\/www\/?page_id=8842"},"modified":"2019-11-08T22:49:44","modified_gmt":"2019-11-08T21:49:44","slug":"galeria-zdjec-klas-1-3","status":"publish","type":"page","link":"https:\/\/zs3.rybnik.pl\/www\/galeria-zdjec-klas-1-3\/","title":{"rendered":"Galeria zdj\u0119\u0107 klas 1-3"},"content":{"rendered":"<div class=\"ngg-albumoverview\">\n            <div class=\"ngg-album-compact\">\n            <div class=\"ngg-album-compactbox\">\n                <div class=\"ngg-album-link\">\n                                        <a title='_Kubu\u015b_Puchatek_spotkanie_lit'\n                       href='https:\/\/zs3.rybnik.pl\/www\/galeria-zdjec-klas-1-3\/nggallery\/galeria-zdjec-klas-1-3\/_Kubu\u015b_Puchatek_spotkanie_lit'>\n                        <img class=\"Thumb\"\n                             alt=\"_Kubu\u015b_Puchatek_spotkanie_lit\"\n                             src=\"https:\/\/zs3.rybnik.pl\/www\/wp-content\/gallery\/kubus_puchatek_spotkanie_lit\/cache\/1.jpg-nggid042519-ngg0dyn-91x68-00f0w010c011r110f110r010t010.jpg\"\/>\n                    <\/a>\n                                    <\/div>\n            <\/div>\n                        <h4>\n                <a class='ngg-album-desc' title='_Kubu\u015b_Puchatek_spotkanie_lit'\n                       href='https:\/\/zs3.rybnik.pl\/www\/galeria-zdjec-klas-1-3\/nggallery\/galeria-zdjec-klas-1-3\/_Kubu\u015b_Puchatek_spotkanie_lit'style=\"max-width: 111px\">_Kubu\u015b_Puchatek_spotkanie_lit<\/a>\n            <\/h4>\n            <p class=\"ngg-album-gallery-image-counter\">\n                                    <strong>9<\/strong>&nbsp;Zdj\u0119\u0107                            <\/p>\n        <\/div>\n            <div class=\"ngg-album-compact\">\n            <div class=\"ngg-album-compactbox\">\n                <div class=\"ngg-album-link\">\n                                        <a title='Dzie\u0144 Dyni w klasie 1 i 2 SP'\n                       href='https:\/\/zs3.rybnik.pl\/www\/galeria-zdjec-klas-1-3\/nggallery\/galeria-zdjec-klas-1-3\/Dzie\u0144-Dyni-w-klasie-1-i-2-SP'>\n                        <img class=\"Thumb\"\n                             alt=\"Dzie\u0144 Dyni w klasie 1 i 2 SP\"\n                             src=\"https:\/\/zs3.rybnik.pl\/www\/wp-content\/gallery\/dzien-dyni-w-klasie-1-i-2-sp\/cache\/1.jpg-nggid042248-ngg0dyn-91x68-00f0w010c011r110f110r010t010.jpg\"\/>\n                    <\/a>\n                                    <\/div>\n            <\/div>\n                        <h4>\n                <a class='ngg-album-desc' title='Dzie\u0144 Dyni w klasie 1 i 2 SP'\n                       href='https:\/\/zs3.rybnik.pl\/www\/galeria-zdjec-klas-1-3\/nggallery\/galeria-zdjec-klas-1-3\/Dzie\u0144-Dyni-w-klasie-1-i-2-SP'style=\"max-width: 111px\">Dzie\u0144 Dyni w klasie 1 i 2 SP<\/a>\n            <\/h4>\n            <p class=\"ngg-album-gallery-image-counter\">\n                                    <strong>21<\/strong>&nbsp;Zdj\u0119\u0107                            <\/p>\n        <\/div>\n            <div class=\"ngg-album-compact\">\n            <div class=\"ngg-album-compactbox\">\n                <div class=\"ngg-album-link\">\n                                        <a title='Lekcja &quot;Niepodleg\u0142a Polska&quot; - klasy 1 i 2 SP'\n                       href='https:\/\/zs3.rybnik.pl\/www\/galeria-zdjec-klas-1-3\/nggallery\/galeria-zdjec-klas-1-3\/_Dzieci_ucz\u0105_rodzic\u00f3w_Niepodleg\u0142aPl'>\n                        <img class=\"Thumb\"\n                             alt=\"Lekcja &quot;Niepodleg\u0142a Polska&quot; - klasy 1 i 2 SP\"\n                             src=\"https:\/\/zs3.rybnik.pl\/www\/wp-content\/gallery\/dzieci_ucza_rodzicow_niepodleglapl\/cache\/1.jpg-nggid042236-ngg0dyn-91x68-00f0w010c011r110f110r010t010.jpg\"\/>\n                    <\/a>\n                                    <\/div>\n            <\/div>\n                        <h4>\n                <a class='ngg-album-desc' title='Lekcja &quot;Niepodleg\u0142a Polska&quot; - klasy 1 i 2 SP'\n                       href='https:\/\/zs3.rybnik.pl\/www\/galeria-zdjec-klas-1-3\/nggallery\/galeria-zdjec-klas-1-3\/_Dzieci_ucz\u0105_rodzic\u00f3w_Niepodleg\u0142aPl'style=\"max-width: 111px\">Lekcja \"Niepodleg\u0142a Polska\" - klasy 1 i 2 SP<\/a>\n            <\/h4>\n            <p class=\"ngg-album-gallery-image-counter\">\n                                    <strong>12<\/strong>&nbsp;Zdj\u0119\u0107                            <\/p>\n        <\/div>\n            <div class=\"ngg-album-compact\">\n            <div class=\"ngg-album-compactbox\">\n                <div class=\"ngg-album-link\">\n                                        <a title='Dzie\u0144 postaci z bajek'\n                       href='https:\/\/zs3.rybnik.pl\/www\/galeria-zdjec-klas-1-3\/nggallery\/galeria-zdjec-klas-1-3\/Dzie\u0144-postaci-z-bajek'>\n                        <img class=\"Thumb\"\n                             alt=\"Dzie\u0144 postaci z bajek\"\n                             src=\"https:\/\/zs3.rybnik.pl\/www\/wp-content\/gallery\/dzien-postaci-z-bajek\/cache\/1.jpg-nggid042304-ngg0dyn-91x68-00f0w010c011r110f110r010t010.jpg\"\/>\n                    <\/a>\n                                    <\/div>\n            <\/div>\n                        <h4>\n                <a class='ngg-album-desc' title='Dzie\u0144 postaci z bajek'\n                       href='https:\/\/zs3.rybnik.pl\/www\/galeria-zdjec-klas-1-3\/nggallery\/galeria-zdjec-klas-1-3\/Dzie\u0144-postaci-z-bajek'style=\"max-width: 111px\">Dzie\u0144 postaci z bajek<\/a>\n            <\/h4>\n            <p class=\"ngg-album-gallery-image-counter\">\n                                    <strong>21<\/strong>&nbsp;Zdj\u0119\u0107                            <\/p>\n        <\/div>\n            <div class=\"ngg-album-compact\">\n            <div class=\"ngg-album-compactbox\">\n                <div class=\"ngg-album-link\">\n                                        <a title='Mi\u0119dzynarodowy Dzie\u0144 Praw Dziecka 1,2SP'\n                       href='https:\/\/zs3.rybnik.pl\/www\/galeria-zdjec-klas-1-3\/nggallery\/galeria-zdjec-klas-1-3\/Mi\u0119dzynarodowy-Dzie\u0144-Praw-Dziecka-1,2SP'>\n                        <img class=\"Thumb\"\n                             alt=\"Mi\u0119dzynarodowy Dzie\u0144 Praw Dziecka 1,2SP\"\n                             src=\"https:\/\/zs3.rybnik.pl\/www\/wp-content\/gallery\/miedzynarodowy-dzien-praw-dziecka-12sp\/cache\/1.jpg-nggid042325-ngg0dyn-91x68-00f0w010c011r110f110r010t010.jpg\"\/>\n                    <\/a>\n                                    <\/div>\n            <\/div>\n                        <h4>\n                <a class='ngg-album-desc' title='Mi\u0119dzynarodowy Dzie\u0144 Praw Dziecka 1,2SP'\n                       href='https:\/\/zs3.rybnik.pl\/www\/galeria-zdjec-klas-1-3\/nggallery\/galeria-zdjec-klas-1-3\/Mi\u0119dzynarodowy-Dzie\u0144-Praw-Dziecka-1,2SP'style=\"max-width: 111px\">Mi\u0119dzynarodowy Dzie\u0144 Praw Dziecka 1,2SP<\/a>\n            <\/h4>\n            <p class=\"ngg-album-gallery-image-counter\">\n                                    <strong>6<\/strong>&nbsp;Zdj\u0119\u0107                            <\/p>\n        <\/div>\n            <div class=\"ngg-album-compact\">\n            <div class=\"ngg-album-compactbox\">\n                <div class=\"ngg-album-link\">\n                                        <a title='_Zdj\u0119cia_grupowe1-3_2020'\n                       href='https:\/\/zs3.rybnik.pl\/www\/galeria-zdjec-klas-1-3\/nggallery\/galeria-zdjec-klas-1-3\/_Zdj\u0119cia_grupowe1-3_2020'>\n                        <img class=\"Thumb\"\n                             alt=\"_Zdj\u0119cia_grupowe1-3_2020\"\n                             src=\"https:\/\/zs3.rybnik.pl\/www\/wp-content\/gallery\/zdjecia_grupowe1-3_2020\/cache\/sp31-1.png-nggid042379-ngg0dyn-91x68-00f0w010c011r110f110r010t010.png\"\/>\n                    <\/a>\n                                    <\/div>\n            <\/div>\n                        <h4>\n                <a class='ngg-album-desc' title='_Zdj\u0119cia_grupowe1-3_2020'\n                       href='https:\/\/zs3.rybnik.pl\/www\/galeria-zdjec-klas-1-3\/nggallery\/galeria-zdjec-klas-1-3\/_Zdj\u0119cia_grupowe1-3_2020'style=\"max-width: 111px\">_Zdj\u0119cia_grupowe1-3_2020<\/a>\n            <\/h4>\n            <p class=\"ngg-album-gallery-image-counter\">\n                                    <strong>2<\/strong>&nbsp;Zdj\u0119\u0107                            <\/p>\n        <\/div>\n            <div class=\"ngg-album-compact\">\n            <div class=\"ngg-album-compactbox\">\n                <div class=\"ngg-album-link\">\n                                        <a title='_Dzie\u0144_Babci_i_dziadkaSP'\n                       href='https:\/\/zs3.rybnik.pl\/www\/galeria-zdjec-klas-1-3\/nggallery\/galeria-zdjec-klas-1-3\/_Dzie\u0144_Babci_i_dziadkaSP'>\n                        <img class=\"Thumb\"\n                             alt=\"_Dzie\u0144_Babci_i_dziadkaSP\"\n                             src=\"https:\/\/zs3.rybnik.pl\/www\/wp-content\/gallery\/dzien_babci_i_dziadkasp\/cache\/1.jpg-nggid042556-ngg0dyn-91x68-00f0w010c011r110f110r010t010.jpg\"\/>\n                    <\/a>\n                                    <\/div>\n            <\/div>\n                        <h4>\n                <a class='ngg-album-desc' title='_Dzie\u0144_Babci_i_dziadkaSP'\n                       href='https:\/\/zs3.rybnik.pl\/www\/galeria-zdjec-klas-1-3\/nggallery\/galeria-zdjec-klas-1-3\/_Dzie\u0144_Babci_i_dziadkaSP'style=\"max-width: 111px\">_Dzie\u0144_Babci_i_dziadkaSP<\/a>\n            <\/h4>\n            <p class=\"ngg-album-gallery-image-counter\">\n                                    <strong>3<\/strong>&nbsp;Zdj\u0119\u0107                            <\/p>\n        <\/div>\n        <br class=\"ngg-clear\"\/>\n    <div class='ngg-clear'><\/div><\/div>\n\n","protected":false},"excerpt":{"rendered":"","protected":false},"author":7,"featured_media":0,"parent":0,"menu_order":0,"comment_status":"closed","ping_status":"closed","template":"","meta":{"ngg_post_thumbnail":0},"_links":{"self":[{"href":"https:\/\/zs3.rybnik.pl\/www\/wp-json\/wp\/v2\/pages\/8842"}],"collection":[{"href":"https:\/\/zs3.rybnik.pl\/www\/wp-json\/wp\/v2\/pages"}],"about":[{"href":"https:\/\/zs3.rybnik.pl\/www\/wp-json\/wp\/v2\/types\/page"}],"author":[{"embeddable":true,"href":"https:\/\/zs3.rybnik.pl\/www\/wp-json\/wp\/v2\/users\/7"}],"replies":[{"embeddable":true,"href":"https:\/\/zs3.rybnik.pl\/www\/wp-json\/wp\/v2\/comments?post=8842"}],"version-history":[{"count":2,"href":"https:\/\/zs3.rybnik.pl\/www\/wp-json\/wp\/v2\/pages\/8842\/revisions"}],"predecessor-version":[{"id":8853,"href":"https:\/\/zs3.rybnik.pl\/www\/wp-json\/wp\/v2\/pages\/8842\/revisions\/8853"}],"wp:attachment":[{"href":"https:\/\/zs3.rybnik.pl\/www\/wp-json\/wp\/v2\/media?parent=8842"}],"curies":[{"name":"wp","href":"https:\/\/api.w.org\/{rel}","templated":true}]}}