{"id":89,"date":"2016-06-12T11:09:29","date_gmt":"2016-06-12T09:09:29","guid":{"rendered":"http:\/\/zs3.rybnik.pl\/www\/?page_id=89"},"modified":"2018-02-19T21:39:48","modified_gmt":"2018-02-19T20:39:48","slug":"osiagniecia","status":"publish","type":"page","link":"https:\/\/zs3.rybnik.pl\/www\/szkola\/osiagniecia\/","title":{"rendered":"Osi\u0105gni\u0119cia"},"content":{"rendered":"<p><strong>Osi\u0105gni\u0119cia uczni\u00f3w Gimnazjum nr 6 w Rybniku<\/strong><\/p>\n<p><u>2016\/2017<\/u><\/p>\n<ul>\n<li>Nasza szko\u0142a zosta\u0142a laureatem w konkursie \u201eZaadoptuj rzek\u0119\u201d organizowanym przez Klub Gaja. Otrzyma\u0142a g\u0142\u00f3wn\u0105 nagrod\u0119 w II kategorii (za wsp\u00f3\u0142prac\u0119 oraz zaanga\u017cowanie najwi\u0119kszej ilo\u015bci uczestnik\u00f3w i podmiot\u00f3w ) za zaadoptowanie rzeki Rudy i zaanga\u017cowanie do tego przedsi\u0119wzi\u0119cia uczni\u00f3w innych rybnickich szk\u00f3\u0142, rodzic\u00f3w oraz mieszka\u0144c\u00f3w miasta Rybnika.<\/li>\n<\/ul>\n<p><u>2015\/2016<\/u><\/p>\n<ul>\n<li>Nasza szko\u0142a otrzyma\u0142a wyr\u00f3\u017cnienie w Og\u00f3lnopolskim Programie \u201eZaadoptuj rzek\u0119\u201d.<\/li>\n<li>Uczniowie Gimnazjum nr 6 w Rybniku zdobyli wyr\u00f3\u017cnienie w FINALE PARKOWYM XV edycji Og\u00f3lnopolskiego Konkursu &#8222;Poznajemy Parki Krajobrazowe Polski&#8221;, kt\u00f3ry odby\u0142 si\u0119 w siedzibie Dyrekcji Parku Krajobrazowego &#8222;Cysterskie Kompozycje Krajobrazowe Rud Wielkich&#8221;. Uczniowie zmierzyli si\u0119 m.in. z dru\u017cynami z Gliwic, \u017bor, Raciborza oraz Rud Wielkich.<\/li>\n<li>Uczniowie Zespo\u0142u Szk\u00f3\u0142 nr 3 w Rybniku ju\u017c po raz sz\u00f3sty brali udzia\u0142 w Festiwalu Tw\u00f3rczo\u015bci Artystycznej Os\u00f3b Niepe\u0142nosprawnych &#8222;To ja&#8221;.<\/li>\n<li>Uczennica gimnazjum Katarzyna S\u0142owiak zdoby\u0142a wyr\u00f3\u017cnienie w Og\u00f3lnopolskim Konkursie Plastycznym nt. \u201e Zabytki, kt\u00f3re chc\u0119 ocali\u0107 od zapomnienia\u201d organizowanym przez ZSO nr 5 w Gliwicach<\/li>\n<\/ul>\n<p><u>2014\/2015<\/u><\/p>\n<ul>\n<li>Uczniowie Gimnazjum nr 6 zakwalifikowali si\u0119 do III etapu Og\u00f3lnopolskiego Konkursu &#8222;POZNAJEMY PARKI KRAJOBRAZOWE POLSKI&#8221;<\/li>\n<li>Uczniowie Gimnazjum nr 6 brali udziali w IX edycji Mi\u0119dzynarodowego Konkursu Informatycznego B\u00f3br<\/li>\n<li>Teatrzyk obywatelski &#8222;Od ma\u0142ego trzmiela do obywatela&#8221;. W ramach projektu &#8222;Bajki obywatelskie&#8221; we wsp\u00f3\u0142pracy z Bibliotek\u0105 Miejsk\u0105 uczniowie Gimnazjum nr 6 wystawili bajk\u0119 obywatelsk\u0105 napisan\u0105 przez Agat\u0119 Pastuszak (3a) pt. &#8222;Ukochana Ksi\u0119\u017cyca&#8221;. Organizatorem spotkania by\u0142a Rada Dzielnicy.<\/li>\n<li>Uczniowie klasy 2 integracyjnej wzi\u0119li udzia\u0142 w Festiwalu Tw\u00f3rczo\u015bci Artystycznej Os\u00f3b Niepe\u0142nosprawnych &#8222;To ja&#8221; w Rydu\u0142towach. Za udzia\u0142 uczniowie naszego gimnazjum otrzymali puchar oraz s\u0142odycze i dyplomy.<\/li>\n<\/ul>\n<p><u>2013\/2014<\/u><\/p>\n<ul>\n<li>Dru\u017cyna z Gimnazjum nr 6 zaj\u0119\u0142a IV miejsce w XXXVII Og\u00f3lnopolskim Turnieju Bezpiecze\u0144stwa w Ruchu Drogowym.<\/li>\n<li>Uczniowie i nauczyciele Zespo\u0142u Szk\u00f3\u0142 nr 3 w Rybniku wzi\u0119li udzia\u0142 w Festiwalu Projekt\u00f3w Szko\u0142y z Klas\u0105 2.0 w Warszawie.<\/li>\n<li>W czerwcu 2014r. w Centrum Nauki Kopernik zaprezentowanych zosta\u0142o 50 projekt\u00f3w edukacyjnych z ca\u0142ej Polski, w tym projekt &#8222;Podr\u00f3\u017c do kraju kwitn\u0105cej wi\u015bni &#8211; Japonia&#8221; pod opiek\u0105 p. Agnieszki Jaworskiej, &#8222;Jak dzia\u0142aj\u0105 mi\u0119\u015bnie i ko\u015bci&#8221;, kt\u00f3rego opiekunk\u0105 by\u0142a p. Joanna Kozaczuk oraz &#8222;Liczby jako kody&#8221; &#8211; projekt uczennic p. Gra\u017cyny Stokowskiej.<\/li>\n<li>Nasza szko\u0142a otrzyma\u0142a certyfikat &#8222;Dobrze zaPROJEKTowanej szko\u0142y 2014&#8221; za promowanie pracy metod\u0105 projektu oraz wspieranie m\u0142odzie\u017cy w podejmowaniu ambitnych wyzwa\u0144 edukacyjnych.<\/li>\n<li>Solistka Gimnazjum nr 6 w Rybniku \u2013 Natalia Sauer wzi\u0119\u0142a udzia\u0142 w Wojew\u00f3dzkim Przegl\u0105dzie Piosenki Poetyckiej \u201d Z dala od zgie\u0142ku\u201d w Bytomiu oraz Radli\u0144skim Festiwalu Piosenki Artystycznej.<\/li>\n<li>Dru\u017cyna Gimnazjum nr 6 reprezentowa\u0142a szko\u0142\u0119 w X Edycji Konkursu Wiedzy Technicznej &#8222;PRZYGODA Z TECHNIK\u0104&#8221; organizowanego przez Zesp\u00f3\u0142 Szk\u00f3\u0142 Mechaniczni-Elektrycznych im.Tadeusza Ko\u015bciuszki w Rybniku.<\/li>\n<li>Uczniowie naszej szko\u0142y awansowali do III etapu XIII edycji og\u00f3lnopolskiego konkursu wiedzy dla gimnazjalist\u00f3w pt. \u201ePoznajemy Parki Krajobrazowe Polski\u201d.<\/li>\n<li>Ucze\u0144 naszej szko\u0142y zdoby\u0142 II miejsce w rybnickim konkursie talent\u00f3w &#8222;Poka\u017c co potrafisz&#8221;. Impreza odby\u0142a si\u0119 w Domu Kultury w Niedobczycach.<\/li>\n<li>Zesp\u00f3\u0142 Adagio wzi\u0105\u0142 udzia\u0142 w III Wojew\u00f3dzkim Festiwalu Pie\u015bni Bard\u00f3w w Zabrzu. Nasze gimnazjalistki zaprezentowa\u0142y, przy akompaniamencie gitary (p. Mirela Szutka), utw\u00f3r pt. \u201eModlitwa o wschodzie s\u0142o\u0144ca\u201d z repertuaru J. Kaczmarskiego.<\/li>\n<li>Nasza uczennica, Nikola Wrzo\u0142ek, zakwalifikowa\u0142a si\u0119 do II etapu wojew\u00f3dzkiego konkursu przedmiotowego z j\u0119zyka polskiego.<\/li>\n<li>Wyr\u00f3\u017cnienie dla duetu Gimnazjum nr 6 w Rybniku w X Jubileuszowym Miejskim Konkursie Pie\u015bni Patriotycznej<\/li>\n<\/ul>\n<p><u>2012\/2013<\/u><\/p>\n<ul>\n<li>I miejsce dla Zespo\u0142u Adagio w II Mi\u0119dzynarodowym Festiwalu \u015al\u0105skiej Pie\u015bni Ludowej im. R. Masarczyka, Racib\u00f3rz- Opawa 2011- Nagrod\u0105 nagranie p\u0142yty w Polskim Radio w Katowicach<\/li>\n<li>Wyr\u00f3\u017cnienie dla zespo\u0142u instrumentalno- wokalnego Adagio w XVII Wojew\u00f3dzkim Festiwalu Pie\u015bni \u201eB\u00f3g si\u0119 rodzi\u201d, stycze\u0144 2013<\/li>\n<li>Zesp\u00f3\u0142 Adagio w finale Wojew\u00f3dzkiego Przegl\u0105du Bard\u00f3w \u2013 Gliwice 2013, nagranie pami\u0105tkowej p\u0142yty z tego\u017c festiwalu<\/li>\n<li>Dru\u017cyna z Gimnazjum nr 6 reprezentowa\u0142a nasz\u0105 szko\u0142\u0119 w konkursie pod nazw\u0105 &#8222;Przygoda z technik\u0105&#8221; zajmuj\u0105c 8 miejsce.<\/li>\n<li>Uczennica Natalia Sauer zaj\u0119\u0142a 3 miejsce w Konkursie Piosenki Obcoj\u0119zycznej. Wyr\u00f3\u017cnienie otrzyma\u0142a Agata Pastuszak<\/li>\n<li>Uczniowie gimnazjum uzyskali kwalifikacj\u0119 do wystawy XI edycji Wojew\u00f3dzkiego Konkursu Grafiki Komputerowej &#8222;Kim jestem? &#8211; moje metamorfozy&#8221; pod patronatem \u015alaskiego Kuratora O\u015bwiaty i Starosty Bielskiego.<\/li>\n<li>Dru\u017cyna z naszego gimnazjum zaj\u0119\u0142a VI miejsce w II etapie XXXVI Og\u00f3lnopolskiego Turnieju Bezpiecze\u0144stwa w Ruchu Drogowym.<\/li>\n<li>Uczniowie naszej szko\u0142y wzi\u0119li udzia\u0142 w II etapie Og\u00f3lnopolskiego Konkursu &#8222;Poznajemy Parki Krajobrazowe Polski&#8221; i zaj\u0119li II miejsce.<\/li>\n<\/ul>\n<p><span style=\"text-decoration: underline;\">2011\/2012<\/span><\/p>\n<ul>\n<li>Uczniowie naszego gimnazjum zaj\u0119li 3 miejsce w V Mi\u0119dzynarodowym Konkursie Informatycznym.<\/li>\n<li>Wojciech Orze\u0142 ucze\u0144 klasy sportowej 3d oraz Artur Szyd\u0142owski ucze\u0144 klasy 3b zostali laureatami Wojew\u00f3dzkiego Konkursu Przedmiotowego z Matematyki.<\/li>\n<\/ul>\n<p><strong>Osi\u0105gni\u0119cia uczni\u00f3w V LO w Rybniku<\/strong><\/p>\n<p><span style=\"text-decoration: underline;\">2016\/2017<\/span><\/p>\n<ul>\n<li>Mateusz Siedlecki i Mariusz Wycisk zostali laureatami Festiwalu Piosenki Artystycznej \u201eMarzeniogranie 2017\u201d (op. M. Szutka)<\/li>\n<li>Violetta Szyszko zdoby\u0142a wyr\u00f3\u017cnienie w Og\u00f3lnopolskim Konkursie dla Uczni\u00f3w Szk\u00f3\u0142 \u015arednich w ramach VII edycji SocjoSzko\u0142y 2017 (op. B. Padula)<\/li>\n<li>W XII Og\u00f3lnopolskim Konkursie Literackim I miejsce zaj\u0119\u0142a Weronika \u017by\u0142a (op. G. Szynol-Kowacka), II miejsce \u2013 Klaudia Hoinza (op. B. Padula)<\/li>\n<li>W XVII Og\u00f3lnopolskim Konkursie na Prac\u0119 z Literatury Wiktoria Lizurej (op. B. Padula) i Weronika \u017by\u0142a (op. G. Szynol-Kowacka) otrzyma\u0142y wyr\u00f3\u017cnienia II stopnia<\/li>\n<li>Izabela Nowak zosta\u0142a finalistk\u0105 IV Og\u00f3lnopolskiego Konkursu Wzrostu Kryszta\u0142\u00f3w (op. T. Grabowska)<\/li>\n<li>W XVII Og\u00f3lnopolskim Konkursie Filmowym Weronika \u017by\u0142a zaj\u0119\u0142a drugie miejsce w kategorii praca badawcza (op. G. Szynol-Kowacka), Natalia Kosiorska zaj\u0119\u0142a I miejsce w kategorii plastycznej (op. B. Padula)<\/li>\n<li>Julia Kochanowska zdoby\u0142a wyr\u00f3\u017cnienie I stopnia w Og\u00f3lnopolskim Konkursie Internetowym &#8222;Dwa srebrne ekrany&#8221; (op. E. Klonowska)<\/li>\n<li>W XII edycji Konkursu na Projekt Matematyczny tytu\u0142 laureata II miejsca uzyska\u0142a Paulina Kurz\u0105tkowska (op. C. Kotusz)<\/li>\n<li>W XIV edycji konkursu \u201ePojedynek na s\u0142owa\u201d dru\u017cyna naszej szko\u0142y zaj\u0119\u0142a IV miejsce; Mateusz Siedlecki otrzyma\u0142 wyr\u00f3\u017cnienie dla najlepszego recytatora (op. B. S\u0142o\u0144ska, M. Szutka)<\/li>\n<li>Weronika \u017by\u0142a zakwalifikowa\u0142a si\u0119 do etapu wojew\u00f3dzkiego I Og\u00f3lnopolskiej Olimpiady Wiedzy o Filmie i Komunikacji Spo\u0142ecznej (op. E. Klonowska)<\/li>\n<\/ul>\n<p><span style=\"text-decoration: underline;\">2015\/2016<\/span><\/p>\n<ul>\n<li>W XVI Og\u00f3lnopolskim Konkursie na Prac\u0119 z Literatury Yasmeen Phulpoto zaj\u0119\u0142a I miejsce, Nikola Wrzo\u0142ek \u2013 III miejsce (op. B. Padula)<\/li>\n<li>W XI Og\u00f3lnopolskim Konkursie Literackim Anna Brzozowska zaj\u0119\u0142a I miejsce (op. B. S\u0142o\u0144ska)<\/li>\n<li>W XVI Og\u00f3lnopolskim Konkursie Filmowym (kategoria plastyczna) I miejsce zaj\u0119\u0142a Natalia Kosiorska (op. B. Padula)&nbsp;<\/li>\n<li>W Og\u00f3lnopolskim Konkursie dla uczni\u00f3w szk\u00f3\u0142 ponadgimnazjalnych pt. \u201eKonsekwencje II wojny \u015bwiatowej\u201d Paulina Kurz\u0105tkowska zdoby\u0142a wyr\u00f3\u017cnienie&nbsp;(op. D. Kuchta)<\/li>\n<li>Mateusz Siedlecki zaj\u0105\u0142 I miejsce w 61 Og\u00f3lnopolskim Konkursie Recytatorskim na szczeblu miejskim (op. J. W\u0119glarz)&nbsp;<\/li>\n<li>W Mi\u0119dzyszkolnym Turnieju M\u0142odych Talent\u00f3w Mateusz Siedlecki zaj\u0105\u0142 II miejsce (op. J. W\u0119glarz), Natalia Syrek &#8211; III miejsce (op. B. S\u0142o\u0144ska)<\/li>\n<li>Natalia Syrek zaj\u0119\u0142a I miejsce w IX Mi\u0119dzyszkolnym Konkursie Recytatorskim \u201eMi\u0142o\u015b\u0107 niejedno ma imi\u0119\u201d (op. B. S\u0142o\u0144ska)<\/li>\n<li>W III Powiatowym Konkursie Piosenki Obcoj\u0119zycznej \u201eSuperstar\u201d II miejsce zaj\u0119\u0142a Aleksandra Widawska, III miejsce &#8211; Sylwia Szpiech, wyr\u00f3\u017cnienie zdoby\u0142a Paulina Grossek (op. M. Szutka)<\/li>\n<li>Sylwia Szpiech zaj\u0119\u0142\u0105 I miejsce w Jesiennych Spotkaniach Artystycznych Ballo 2015 (op. M. Szutka)&nbsp;<\/li>\n<li>Karolina Drobny zaj\u0119\u0142a III miejsce w XXI Og\u00f3lnopolskim Konkursie Plastycznym \u201eDOM\u201d (op. M. Szutka)<\/li>\n<li>W Mi\u0119dzyszkolnym Konkursie na Plakat Yasmeen Phulpoto zdoby\u0142a II nagrod\u0119 i nagrod\u0119 publiczno\u015bci, Marek Reszka zdoby\u0142 wyr\u00f3\u017cnienie (op. B. Padula)<\/li>\n<li>Magdalena Kochman i Sara Jarosz dosta\u0142y si\u0119 do drugiego etapu (etap okr\u0119gowy) olimpiady z j\u0119zyka niemieckiego (op. J. Witon)<\/li>\n<li>W Mi\u0119dzyszkolnym Konkursie &#8222;B\u00f3g-Honor-Ojczyzna-Pami\u0119\u0107&#8221; Dagmara Jaworska zdoby\u0142a I nagrod\u0119 (op. B. Padula)<\/li>\n<\/ul>\n<p><span style=\"text-decoration: underline;\">2014\/2015<\/span><\/p>\n<ul>\n<li>Nikola Wrzo\u0142ek zaj\u0119\u0142a I miejsce w&nbsp; XV Og\u00f3lnopolskim Konkursie na Prac\u0119 z Literatury (op. B. Padula)<\/li>\n<li>Anna Szymura otrzyma\u0142a pierwsze wyr\u00f3\u017cnienie (4 miejsce) w&nbsp; II Og\u00f3lnopolskim Konkursie Wzrostu Kryszta\u0142\u00f3w (op. T. Grabowska)<\/li>\n<li>W XV Og\u00f3lnopolskim Konkursie Filmowym (kategoria plastyczna) laureatami zostali:<br \/>\nI miejsce: Natalia Kosiorska (op. B. Padula),<br \/>\nII miejsce: Samanta Pieczka i Natalia Kurzy\u0144ska (op. B. S\u0142o\u0144ska),&nbsp;<br \/>\nIII miejsce: Aleksandra Buczy\u0144ska (MDK; op. M. Wi\u0119ckowska),&nbsp;<br \/>\nwyr\u00f3\u017cnienia: Natalia Kurzy\u0144ska i Dominika Marciniak (MDK; op. M. Wi\u0119ckowska)<\/li>\n<li>W X Konkursie na Projekt Matematyczny&nbsp; I miejsce zdoby\u0142y: Ewa Berger, Julia Heliosz, Karolina Karbowy,&nbsp; III miejsce: Adrianna Kowalska, Klaudia Kowalska (op. C. Kotusz)<\/li>\n<li>Katarzyna Roter&nbsp; i Aleksandra Buczy\u0144ska zosta\u0142y laureatkami Og\u00f3lnopolskiego Konkursu Plastycznego \u201ePatrz\u0105c\u201d w kategorii wiekowej 16-19 lat (MDK Rybnik)<\/li>\n<li>Sara Jarosz i Magda Kochman zakwalifikowa\u0142y si\u0119 do wojew\u00f3dzkiego etapu Olimpiady z J\u0119zyka Niemieckiego (op. J. Witon)<\/li>\n<li>Sonia \u015amieja zosta\u0142a laureatk\u0105 XXIV Og\u00f3lnopolskiego Festiwalu Piosenki Artystycznej \u201eKwiaty na kamieniach&#8221; w Bytomiu (op. M. Szutka)<\/li>\n<li>Sonia \u015amieja zdoby\u0142a&nbsp; II miejsce w Og\u00f3lnopolskim Festiwalu Piosenki Polskoj\u0119zycznej&nbsp; Faratka w Krakowie (op. M. Szutka)<\/li>\n<li>Sonia \u015amieja wygra\u0142a Turniej Poezji \u015apiewanej w ramach eliminacji miejskich Og\u00f3lnopolskiego Konkursu Recytatorskiego i zakwalifikowa\u0142a si\u0119 do eliminacji regionalnych (op. M. Szutka)<\/li>\n<li>Sonia \u015amieja zdoby\u0142a III miejsce w II wojew\u00f3dzkim Festiwalu Piosenki Frankofo\u0144skiej (op. A. Malinowska)<\/li>\n<li>Sylwia Szpiech zaj\u0119\u0142a I miejsce na Wojew\u00f3dzkim Konkursie pt. Jesienny Festiwal M\u0142odych Talent\u00f3w &#8222;Ballo 2014&#8221; (op. M. Szutka)<\/li>\n<li>Sylwia Szpiech zakwalifikowa\u0142a si\u0119 do fina\u0142u Festiwalu Piosenki Angloj\u0119zycznej w \u017borach (op. M. Szutka)<\/li>\n<\/ul>\n<p><span style=\"text-decoration: underline;\">2013\/2014<\/span><\/p>\n<ul>\n<li>Mateusz Kluba zosta\u0142 laureatem XV Festiwalu Instrumentalnego (op. M. Szutka)<\/li>\n<li>Monika Szczyrba&nbsp; i Tomasz Wojaczek zdobyli wyr\u00f3\u017cnienia w konkursie literackim w ramach IX Warsztat\u00f3w Humanistycznych \u201eBunt\u201d (op. B. Padula)<\/li>\n<li>Sonia \u015amieja zosta\u0142a podw\u00f3jn\u0105 laureatk\u0105 etapu miejskiego Og\u00f3lnopolskiego Konkursu Recytatorskiego w kategorii recytatorskiej (op. B. S\u0142o\u0144ska) i poezji \u015bpiewanej (op. M. Szutka). W tym samym konkursie wyr\u00f3\u017cnienia zdobyli: Dominika Ulfig&nbsp; i Pawe\u0142 Misztal ( op .B .S\u0142o\u0144ska)<\/li>\n<li>Dominika Marciniak&nbsp; i Samanta Pieczka zaj\u0119\u0142y II miejsce w XIV Mi\u0119dzyszkolnym Konkursie Filmowym \u0084Kino drogi\u0094 (op. B. S\u0142o\u0144ska)<\/li>\n<li>Sylwia Szpiech zdoby\u0142a wyr\u00f3\u017cnienie w Radli\u0144skim Festiwalu Piosenki Artystycznej oraz III miejsce na Mi\u0119dzyszkolnym Festiwalu Piosenki w J\u0119zyku Angielskim (op. M. Szutka)<\/li>\n<li>Kinga Kubiak&nbsp; zwyci\u0119\u017cy\u0142a w Regionalnym Konkursie Recytatorskim \u201eMi\u0142o\u015b\u0107 niejedno ma imi\u0119\u2026Poezja mi\u0142osna XX-XXI wieku\u201d, Pawe\u0142 Misztal zaj\u0105\u0142 III miejsce (op. B. S\u0142o\u0144ska).<\/li>\n<li>Sara Jarosz zakwalifikowa\u0142a si\u0119 do III etapu \u015al\u0105skiego Konkursu J\u0119zyka Niemieckiego (op. J. Witon)<\/li>\n<li>W Konkursie na Projekt Matematyczny Katarzyna Roter i Natalia Duda zdoby\u0142y tytu\u0142 laureata II miejsca za projekt: Liczby jako kody&nbsp; (op. G. Stokowska), Dominika Grychto\u0142 i Dominika Ulfig zdoby\u0142y tytu\u0142 finalisty za projekt: Znani polscy matematycy&nbsp; (op. C.&nbsp; Kotusz), Karolina Karbowy, Ewa Berger i Julia Heliosz zdoby\u0142y tytu\u0142 finalisty za projekt: O matematyce w dietetyce&nbsp; (op. C. Kotusz).<\/li>\n<li>Kinga Kubiak otrzyma\u0142a wyr\u00f3\u017cnienie dla najlepszej recytatorki XI edycji Pojedynku na S\u0142owa (op. B. S\u0142o\u0144ska).<\/li>\n<li>Kinga Wieczorek zdoby\u0142a wyr\u00f3\u017cnienie w konkursie &#8222;Zara\u017a nas swoj\u0105 pasj\u0105&#8221; (op. A. Bokuniewicz)<\/li>\n<li>Wojciech Grzegorzyca zaj\u0105\u0142 I miejsce w konkursie dziennikarskim &#8222;Zosta\u0144 redaktorem CzasFutbolu.pl&#8221; (op. A. Bokuniewicz)<\/li>\n<li>Sonia \u015amieja i Pawe\u0142 Misztal zakwalifikowali si\u0119 do fina\u0142u XI Wojew\u00f3dzkiego Konkursu Poezji Metafizycznej (op. B. S\u0142o\u0144ska)<\/li>\n<li>Sylwia Szpiech wzi\u0119\u0142a udzia\u0142 w Wojew\u00f3dzkim Przegl\u0105dzie Piosenki Europejskiej &#8222;Eurosong&#8221; w Katowicach i awansowa\u0142a do fina\u0142u (op. M. Szutka)<\/li>\n<li>W V edycji konkursu MEN \u201eOtwarta Szko\u0142a\u201d w obszarze: Edukacja Obywatelska nasza szko\u0142a zaj\u0119\u0142a III miejsce wraz z Centrum Rozwoju Inicjatyw Spo\u0142ecznych CRIS z projektem pt. \u201eSzko\u0142a partycypacji\u201d<br \/>\n(op. D. Mencel)<\/li>\n<li>Uczniowie naszej szko\u0142y wygrali Pojedynek na S\u0142owa z I LO w Rybniku i awansowali do p\u00f3\u0142fina\u0142u (op. B. S\u0142o\u0144ska, M. Szutka)<\/li>\n<\/ul>\n<p><span style=\"text-decoration: underline;\">2012\/2013<\/span><\/p>\n<ul>\n<li>Tomasz Wojaczek zosta\u0142 laureatem Og\u00f3lnopolskiego Konkursu na esej &#8222;My, dzieci sieci. Jacy jeste\u015bmy?&#8221; &nbsp;(op. B. Padula)<\/li>\n<li>W Mi\u0119dzyszkolnym Konkursie \u201eAdam Mickiewicz. Lubi\u0119 go!\u201d&nbsp; I miejsce w kategorii 'prezentacja multimedialna&#8217; zaj\u0119\u0142y: \u017baneta Janczak i Agnieszka Siedlik (op. B. S\u0142o\u0144ska), w kategorii 'spot filmowy&#8217;&nbsp;<br \/>\nI miejsce zdoby\u0142y: Julia Jarzembowska, Karolina Struzik, Julia Wac\u0142awiak, Wioleta Zieli\u0144ska (op. B. Padula)<\/li>\n<li>W XIII Mi\u0119dzyszkolnym Konkursie Filmowym&nbsp; w kategorii praca plastyczna II miejsce zaj\u0119\u0142a: Samanta Pieczka, III miejsca: Dominika Marciniak (op. B. S\u0142o\u0144ska), Dorota W\u00f3jcik (op. B. Padula); w kategorii \u0091scenariusz filmowy II miejsce zdoby\u0142a Dominika \u015aliwa (op. B. Padula).<\/li>\n<li>Sonia \u015amieja&nbsp; i Pawe\u0142 Misztal zakwalifikowali si\u0119 do fina\u0142u XI Wojew\u00f3dzkiego Konkursu Recytatorskiego Poezji Metafizycznej (op. B. S\u0142o\u0144ska)<\/li>\n<li>Sonia \u015amieja (op. B. S\u0142o\u0144ska) i Agata Witosz (op. B. Padula) otrzyma\u0142y wyr\u00f3\u017cnienie w Regionalnym Konkursie Recytatorskim &#8222;Mi\u0142o\u015b\u0107 niejedno ma imi\u0119&#8221;.<\/li>\n<li>Pawe\u0142 Misztal otrzyma\u0142 wyr\u00f3\u017cnienie w etapie miejskim Og\u00f3lnopolskiego Konkursu Recytatorskiego (op. B. S\u0142o\u0144ska)<\/li>\n<\/ul>\n<p>&nbsp;<\/p>\n<p>&nbsp;<\/p>\n","protected":false},"excerpt":{"rendered":"<p>Osi\u0105gni\u0119cia uczni\u00f3w Gimnazjum nr 6 w Rybniku 2016\/2017 Nasza szko\u0142a zosta\u0142a laureatem w konkursie \u201eZaadoptuj rzek\u0119\u201d organizowanym przez Klub Gaja. Otrzyma\u0142a g\u0142\u00f3wn\u0105 nagrod\u0119 w II kategorii (za wsp\u00f3\u0142prac\u0119 oraz zaanga\u017cowanie najwi\u0119kszej ilo\u015bci uczestnik\u00f3w i podmiot\u00f3w ) za zaadoptowanie rzeki Rudy [&hellip;]<\/p>\n","protected":false},"author":1,"featured_media":0,"parent":79,"menu_order":0,"comment_status":"closed","ping_status":"closed","template":"","meta":{"ngg_post_thumbnail":0},"_links":{"self":[{"href":"https:\/\/zs3.rybnik.pl\/www\/wp-json\/wp\/v2\/pages\/89"}],"collection":[{"href":"https:\/\/zs3.rybnik.pl\/www\/wp-json\/wp\/v2\/pages"}],"about":[{"href":"https:\/\/zs3.rybnik.pl\/www\/wp-json\/wp\/v2\/types\/page"}],"author":[{"embeddable":true,"href":"https:\/\/zs3.rybnik.pl\/www\/wp-json\/wp\/v2\/users\/1"}],"replies":[{"embeddable":true,"href":"https:\/\/zs3.rybnik.pl\/www\/wp-json\/wp\/v2\/comments?post=89"}],"version-history":[{"count":6,"href":"https:\/\/zs3.rybnik.pl\/www\/wp-json\/wp\/v2\/pages\/89\/revisions"}],"predecessor-version":[{"id":2743,"href":"https:\/\/zs3.rybnik.pl\/www\/wp-json\/wp\/v2\/pages\/89\/revisions\/2743"}],"up":[{"embeddable":true,"href":"https:\/\/zs3.rybnik.pl\/www\/wp-json\/wp\/v2\/pages\/79"}],"wp:attachment":[{"href":"https:\/\/zs3.rybnik.pl\/www\/wp-json\/wp\/v2\/media?parent=89"}],"curies":[{"name":"wp","href":"https:\/\/api.w.org\/{rel}","templated":true}]}}