{"id":98,"date":"2016-06-12T11:26:17","date_gmt":"2016-06-12T09:26:17","guid":{"rendered":"http:\/\/zs3.rybnik.pl\/www\/?page_id=98"},"modified":"2018-01-27T13:30:44","modified_gmt":"2018-01-27T12:30:44","slug":"galeria","status":"publish","type":"page","link":"https:\/\/zs3.rybnik.pl\/www\/galeria\/","title":{"rendered":"Galeria"},"content":{"rendered":"<p>Rok szkolny 2017\/2018<\/p>\n<p><div class=\"ngg-albumoverview\">\n            <div class=\"ngg-album-compact\">\n            <div class=\"ngg-album-compactbox\">\n                <div class=\"ngg-album-link\">\n                                        <a title='Erasmus - przygotowanie kulturowe'\n                       href='https:\/\/zs3.rybnik.pl\/www\/galeria\/nggallery\/20172018\/Erazmus_2018_01'>\n                        <img class=\"Thumb\"\n                             alt=\"Erasmus - przygotowanie kulturowe\"\n                             src=\"https:\/\/zs3.rybnik.pl\/www\/wp-content\/gallery\/erazmus_2018_01\/cache\/ER_001.jpg-nggid03388-ngg0dyn-91x68-00f0w010c011r110f110r010t010.jpg\"\/>\n                    <\/a>\n                                    <\/div>\n            <\/div>\n                        <h4>\n                <a class='ngg-album-desc' title='Erasmus - przygotowanie kulturowe'\n                       href='https:\/\/zs3.rybnik.pl\/www\/galeria\/nggallery\/20172018\/Erazmus_2018_01'style=\"max-width: 111px\">Erasmus - przygotowanie kulturowe<\/a>\n            <\/h4>\n            <p class=\"ngg-album-gallery-image-counter\">\n                                    <strong>6<\/strong>&nbsp;Zdj\u0119\u0107                            <\/p>\n        <\/div>\n            <div class=\"ngg-album-compact\">\n            <div class=\"ngg-album-compactbox\">\n                <div class=\"ngg-album-link\">\n                                        <a title='Erasmus - wideokonferencja'\n                       href='https:\/\/zs3.rybnik.pl\/www\/galeria\/nggallery\/20172018\/Erasmus_2018_02'>\n                        <img class=\"Thumb\"\n                             alt=\"Erasmus - wideokonferencja\"\n                             src=\"https:\/\/zs3.rybnik.pl\/www\/wp-content\/gallery\/erasmus_2018_02\/cache\/IMG_0037.JPG-nggid03393-ngg0dyn-91x68-00f0w010c011r110f110r010t010.JPG\"\/>\n                    <\/a>\n                                    <\/div>\n            <\/div>\n                        <h4>\n                <a class='ngg-album-desc' title='Erasmus - wideokonferencja'\n                       href='https:\/\/zs3.rybnik.pl\/www\/galeria\/nggallery\/20172018\/Erasmus_2018_02'style=\"max-width: 111px\">Erasmus - wideokonferencja<\/a>\n            <\/h4>\n            <p class=\"ngg-album-gallery-image-counter\">\n                                    <strong>4<\/strong>&nbsp;Zdj\u0119\u0107                            <\/p>\n        <\/div>\n            <div class=\"ngg-album-compact\">\n            <div class=\"ngg-album-compactbox\">\n                <div class=\"ngg-album-link\">\n                                        <a title='Dzie\u0144 J\u0119zyk\u00f3w Obcych 2017'\n                       href='https:\/\/zs3.rybnik.pl\/www\/galeria\/nggallery\/20172018\/Dzie\u0144-J\u0119zyk\u00f3w-Obcych-2017'>\n                        <img class=\"Thumb\"\n                             alt=\"Dzie\u0144 J\u0119zyk\u00f3w Obcych 2017\"\n                             src=\"https:\/\/zs3.rybnik.pl\/www\/wp-content\/gallery\/dzien-jezykow-obcych-2017\/cache\/IMG_5937.JPG-nggid03401-ngg0dyn-91x68-00f0w010c011r110f110r010t010.JPG\"\/>\n                    <\/a>\n                                    <\/div>\n            <\/div>\n                        <h4>\n                <a class='ngg-album-desc' title='Dzie\u0144 J\u0119zyk\u00f3w Obcych 2017'\n                       href='https:\/\/zs3.rybnik.pl\/www\/galeria\/nggallery\/20172018\/Dzie\u0144-J\u0119zyk\u00f3w-Obcych-2017'style=\"max-width: 111px\">Dzie\u0144 J\u0119zyk\u00f3w Obcych 2017<\/a>\n            <\/h4>\n            <p class=\"ngg-album-gallery-image-counter\">\n                                    <strong>4<\/strong>&nbsp;Zdj\u0119\u0107                            <\/p>\n        <\/div>\n            <div class=\"ngg-album-compact\">\n            <div class=\"ngg-album-compactbox\">\n                <div class=\"ngg-album-link\">\n                                        <a title='Walka na jezyki'\n                       href='https:\/\/zs3.rybnik.pl\/www\/galeria\/nggallery\/20172018\/Walka-na-jezyki'>\n                        <img class=\"Thumb\"\n                             alt=\"Walka na jezyki\"\n                             src=\"https:\/\/zs3.rybnik.pl\/www\/wp-content\/gallery\/walka-na-jezyki\/cache\/DSC_1335.JPG-nggid03405-ngg0dyn-91x68-00f0w010c011r110f110r010t010.JPG\"\/>\n                    <\/a>\n                                    <\/div>\n            <\/div>\n                        <h4>\n                <a class='ngg-album-desc' title='Walka na jezyki'\n                       href='https:\/\/zs3.rybnik.pl\/www\/galeria\/nggallery\/20172018\/Walka-na-jezyki'style=\"max-width: 111px\">Walka na jezyki<\/a>\n            <\/h4>\n            <p class=\"ngg-album-gallery-image-counter\">\n                                    <strong>3<\/strong>&nbsp;Zdj\u0119\u0107                            <\/p>\n        <\/div>\n            <div class=\"ngg-album-compact\">\n            <div class=\"ngg-album-compactbox\">\n                <div class=\"ngg-album-link\">\n                                        <a title='\u015awi\u0119to pieczonego ziemniaka'\n                       href='https:\/\/zs3.rybnik.pl\/www\/galeria\/nggallery\/20172018\/\u015awi\u0119to-pieczonego-ziemniaka'>\n                        <img class=\"Thumb\"\n                             alt=\"\u015awi\u0119to pieczonego ziemniaka\"\n                             src=\"https:\/\/zs3.rybnik.pl\/www\/wp-content\/gallery\/swieto-pieczonego-ziemniaka\/cache\/ogn1.jpg-nggid03397-ngg0dyn-91x68-00f0w010c011r110f110r010t010.jpg\"\/>\n                    <\/a>\n                                    <\/div>\n            <\/div>\n                        <h4>\n                <a class='ngg-album-desc' title='\u015awi\u0119to pieczonego ziemniaka'\n                       href='https:\/\/zs3.rybnik.pl\/www\/galeria\/nggallery\/20172018\/\u015awi\u0119to-pieczonego-ziemniaka'style=\"max-width: 111px\">\u015awi\u0119to pieczonego ziemniaka<\/a>\n            <\/h4>\n            <p class=\"ngg-album-gallery-image-counter\">\n                                    <strong>4<\/strong>&nbsp;Zdj\u0119\u0107                            <\/p>\n        <\/div>\n            <div class=\"ngg-album-compact\">\n            <div class=\"ngg-album-compactbox\">\n                <div class=\"ngg-album-link\">\n                                        <a title='Laboratorium 2017'\n                       href='https:\/\/zs3.rybnik.pl\/www\/galeria\/nggallery\/20172018\/Laboratorium-2017-3'>\n                        <img class=\"Thumb\"\n                             alt=\"Laboratorium 2017\"\n                             src=\"https:\/\/zs3.rybnik.pl\/www\/wp-content\/gallery\/laboratorium-2017-3\/cache\/lab_2017_01.jpg-nggid03435-ngg0dyn-91x68-00f0w010c011r110f110r010t010.jpg\"\/>\n                    <\/a>\n                                    <\/div>\n            <\/div>\n                        <h4>\n                <a class='ngg-album-desc' title='Laboratorium 2017'\n                       href='https:\/\/zs3.rybnik.pl\/www\/galeria\/nggallery\/20172018\/Laboratorium-2017-3'style=\"max-width: 111px\">Laboratorium 2017<\/a>\n            <\/h4>\n            <p class=\"ngg-album-gallery-image-counter\">\n                                    <strong>8<\/strong>&nbsp;Zdj\u0119\u0107                            <\/p>\n        <\/div>\n            <div class=\"ngg-album-compact\">\n            <div class=\"ngg-album-compactbox\">\n                <div class=\"ngg-album-link\">\n                                        <a title='Osiecka'\n                       href='https:\/\/zs3.rybnik.pl\/www\/galeria\/nggallery\/20172018\/Osiecka'>\n                        <img class=\"Thumb\"\n                             alt=\"Osiecka\"\n                             src=\"https:\/\/zs3.rybnik.pl\/www\/wp-content\/gallery\/osiecka\/cache\/osiecka.jpg-nggid03408-ngg0dyn-91x68-00f0w010c011r110f110r010t010.jpg\"\/>\n                    <\/a>\n                                    <\/div>\n            <\/div>\n                        <h4>\n                <a class='ngg-album-desc' title='Osiecka'\n                       href='https:\/\/zs3.rybnik.pl\/www\/galeria\/nggallery\/20172018\/Osiecka'style=\"max-width: 111px\">Osiecka<\/a>\n            <\/h4>\n            <p class=\"ngg-album-gallery-image-counter\">\n                                    <strong>1<\/strong>&nbsp;Zdj\u0119\u0107                            <\/p>\n        <\/div>\n            <div class=\"ngg-album-compact\">\n            <div class=\"ngg-album-compactbox\">\n                <div class=\"ngg-album-link\">\n                                        <a title='Wycieczka klasy IIB'\n                       href='https:\/\/zs3.rybnik.pl\/www\/galeria\/nggallery\/20172018\/Wycieczka-klasy-IIB-3'>\n                        <img class=\"Thumb\"\n                             alt=\"Wycieczka klasy IIB\"\n                             src=\"https:\/\/zs3.rybnik.pl\/www\/wp-content\/gallery\/wycieczka-klasy-iib-3\/cache\/DSC_0704.JPG-nggid03447-ngg0dyn-91x68-00f0w010c011r110f110r010t010.JPG\"\/>\n                    <\/a>\n                                    <\/div>\n            <\/div>\n                        <h4>\n                <a class='ngg-album-desc' title='Wycieczka klasy IIB'\n                       href='https:\/\/zs3.rybnik.pl\/www\/galeria\/nggallery\/20172018\/Wycieczka-klasy-IIB-3'style=\"max-width: 111px\">Wycieczka klasy IIB<\/a>\n            <\/h4>\n            <p class=\"ngg-album-gallery-image-counter\">\n                                    <strong>8<\/strong>&nbsp;Zdj\u0119\u0107                            <\/p>\n        <\/div>\n            <div class=\"ngg-album-compact\">\n            <div class=\"ngg-album-compactbox\">\n                <div class=\"ngg-album-link\">\n                                        <a title='Studni\u00f3wka 2018'\n                       href='https:\/\/zs3.rybnik.pl\/www\/galeria\/nggallery\/20172018\/studniowka_2018'>\n                        <img class=\"Thumb\"\n                             alt=\"Studni\u00f3wka 2018\"\n                             src=\"https:\/\/zs3.rybnik.pl\/www\/wp-content\/gallery\/studniowka_2018\/cache\/studn18_001.jpg-nggid03361-ngg0dyn-91x68-00f0w010c011r110f110r010t010.jpg\"\/>\n                    <\/a>\n                                    <\/div>\n            <\/div>\n                        <h4>\n                <a class='ngg-album-desc' title='Studni\u00f3wka 2018'\n                       href='https:\/\/zs3.rybnik.pl\/www\/galeria\/nggallery\/20172018\/studniowka_2018'style=\"max-width: 111px\">Studni\u00f3wka 2018<\/a>\n            <\/h4>\n            <p class=\"ngg-album-gallery-image-counter\">\n                                    <strong>25<\/strong>&nbsp;Zdj\u0119\u0107                            <\/p>\n        <\/div>\n            <div class=\"ngg-album-compact\">\n            <div class=\"ngg-album-compactbox\">\n                <div class=\"ngg-album-link\">\n                                        <a title='Erasmus- wizyta w Hiszpanii'\n                       href='https:\/\/zs3.rybnik.pl\/www\/galeria\/nggallery\/20172018\/Erasmus--wizyta-w-Hiszpanii'>\n                        <img class=\"Thumb\"\n                             alt=\"Erasmus- wizyta w Hiszpanii\"\n                             src=\"https:\/\/zs3.rybnik.pl\/www\/wp-content\/gallery\/erasmus-wizyta-w-hiszpanii\/cache\/1.JPG-nggid03555-ngg0dyn-91x68-00f0w010c011r110f110r010t010.JPG\"\/>\n                    <\/a>\n                                    <\/div>\n            <\/div>\n                        <h4>\n                <a class='ngg-album-desc' title='Erasmus- wizyta w Hiszpanii'\n                       href='https:\/\/zs3.rybnik.pl\/www\/galeria\/nggallery\/20172018\/Erasmus--wizyta-w-Hiszpanii'style=\"max-width: 111px\">Erasmus- wizyta w Hiszpanii<\/a>\n            <\/h4>\n            <p class=\"ngg-album-gallery-image-counter\">\n                                    <strong>34<\/strong>&nbsp;Zdj\u0119\u0107                            <\/p>\n        <\/div>\n            <div class=\"ngg-album-compact\">\n            <div class=\"ngg-album-compactbox\">\n                <div class=\"ngg-album-link\">\n                                        <a title='Dzie\u0144 Promocji zdrowia 2018'\n                       href='https:\/\/zs3.rybnik.pl\/www\/galeria\/nggallery\/20172018\/Dzie\u0144-Promocji-zdrowia-2018-1'>\n                        <img class=\"Thumb\"\n                             alt=\"Dzie\u0144 Promocji zdrowia 2018\"\n                             src=\"https:\/\/zs3.rybnik.pl\/www\/wp-content\/gallery\/dzien-promocji-zdrowia-2018-1\/cache\/1.jpg-nggid03771-ngg0dyn-91x68-00f0w010c011r110f110r010t010.jpg\"\/>\n                    <\/a>\n                                    <\/div>\n            <\/div>\n                        <h4>\n                <a class='ngg-album-desc' title='Dzie\u0144 Promocji zdrowia 2018'\n                       href='https:\/\/zs3.rybnik.pl\/www\/galeria\/nggallery\/20172018\/Dzie\u0144-Promocji-zdrowia-2018-1'style=\"max-width: 111px\">Dzie\u0144 Promocji zdrowia 2018<\/a>\n            <\/h4>\n            <p class=\"ngg-album-gallery-image-counter\">\n                                    <strong>56<\/strong>&nbsp;Zdj\u0119\u0107                            <\/p>\n        <\/div>\n            <div class=\"ngg-album-compact\">\n            <div class=\"ngg-album-compactbox\">\n                <div class=\"ngg-album-link\">\n                                        <a title='Erasmus-wizyta w Polsce'\n                       href='https:\/\/zs3.rybnik.pl\/www\/galeria\/nggallery\/20172018\/Erasmus-Go\u015bcie-z-Hiszpanii2'>\n                        <img class=\"Thumb\"\n                             alt=\"Erasmus-wizyta w Polsce\"\n                             src=\"https:\/\/zs3.rybnik.pl\/www\/wp-content\/gallery\/erasmus-goscie-z-hiszpanii2\/cache\/DSC00697.JPG-nggid03747-ngg0dyn-91x68-00f0w010c011r110f110r010t010.JPG\"\/>\n                    <\/a>\n                                    <\/div>\n            <\/div>\n                        <h4>\n                <a class='ngg-album-desc' title='Erasmus-wizyta w Polsce'\n                       href='https:\/\/zs3.rybnik.pl\/www\/galeria\/nggallery\/20172018\/Erasmus-Go\u015bcie-z-Hiszpanii2'style=\"max-width: 111px\">Erasmus-wizyta w Polsce<\/a>\n            <\/h4>\n            <p class=\"ngg-album-gallery-image-counter\">\n                                    <strong>24<\/strong>&nbsp;Zdj\u0119\u0107                            <\/p>\n        <\/div>\n            <div class=\"ngg-album-compact\">\n            <div class=\"ngg-album-compactbox\">\n                <div class=\"ngg-album-link\">\n                                        <a title='II_Dzie\u0144_Otwarty_SP31'\n                       href='https:\/\/zs3.rybnik.pl\/www\/galeria\/nggallery\/20172018\/II_Dzie\u0144_Otwarty_SP31'>\n                        <img class=\"Thumb\"\n                             alt=\"II_Dzie\u0144_Otwarty_SP31\"\n                             src=\"https:\/\/zs3.rybnik.pl\/www\/wp-content\/gallery\/ii_dzien_otwarty_sp31\/cache\/1.jpg-nggid03834-ngg0dyn-91x68-00f0w010c011r110f110r010t010.jpg\"\/>\n                    <\/a>\n                                    <\/div>\n            <\/div>\n                        <h4>\n                <a class='ngg-album-desc' title='II_Dzie\u0144_Otwarty_SP31'\n                       href='https:\/\/zs3.rybnik.pl\/www\/galeria\/nggallery\/20172018\/II_Dzie\u0144_Otwarty_SP31'style=\"max-width: 111px\">II_Dzie\u0144_Otwarty_SP31<\/a>\n            <\/h4>\n            <p class=\"ngg-album-gallery-image-counter\">\n                                    <strong>55<\/strong>&nbsp;Zdj\u0119\u0107                            <\/p>\n        <\/div>\n            <div class=\"ngg-album-compact\">\n            <div class=\"ngg-album-compactbox\">\n                <div class=\"ngg-album-link\">\n                                        <a title='\u0141\u0105czy nas pami\u0119\u0107_2018'\n                       href='https:\/\/zs3.rybnik.pl\/www\/galeria\/nggallery\/20172018\/laczy-nas-pamiec_2018'>\n                        <img class=\"Thumb\"\n                             alt=\"\u0141\u0105czy nas pami\u0119\u0107_2018\"\n                             src=\"https:\/\/zs3.rybnik.pl\/www\/wp-content\/gallery\/laczy-nas-pamiec_2018_1\/cache\/Zonkile_01.jpg-nggid03898-ngg0dyn-91x68-00f0w010c011r110f110r010t010.jpg\"\/>\n                    <\/a>\n                                    <\/div>\n            <\/div>\n                        <h4>\n                <a class='ngg-album-desc' title='\u0141\u0105czy nas pami\u0119\u0107_2018'\n                       href='https:\/\/zs3.rybnik.pl\/www\/galeria\/nggallery\/20172018\/laczy-nas-pamiec_2018'style=\"max-width: 111px\">\u0141\u0105czy nas pami\u0119\u0107_2018<\/a>\n            <\/h4>\n            <p class=\"ngg-album-gallery-image-counter\">\n                                    <strong>6<\/strong>&nbsp;Zdj\u0119\u0107                            <\/p>\n        <\/div>\n            <div class=\"ngg-album-compact\">\n            <div class=\"ngg-album-compactbox\">\n                <div class=\"ngg-album-link\">\n                                        <a title='Erasmus_Dzie\u0144_wody_2018'\n                       href='https:\/\/zs3.rybnik.pl\/www\/galeria\/nggallery\/20172018\/Erasmus_Dzie\u0144_wody_2018'>\n                        <img class=\"Thumb\"\n                             alt=\"Erasmus_Dzie\u0144_wody_2018\"\n                             src=\"https:\/\/zs3.rybnik.pl\/www\/wp-content\/gallery\/erasmus_dzien_wody_2018\/cache\/1.jpg-nggid03903-ngg0dyn-91x68-00f0w010c011r110f110r010t010.jpg\"\/>\n                    <\/a>\n                                    <\/div>\n            <\/div>\n                        <h4>\n                <a class='ngg-album-desc' title='Erasmus_Dzie\u0144_wody_2018'\n                       href='https:\/\/zs3.rybnik.pl\/www\/galeria\/nggallery\/20172018\/Erasmus_Dzie\u0144_wody_2018'style=\"max-width: 111px\">Erasmus_Dzie\u0144_wody_2018<\/a>\n            <\/h4>\n            <p class=\"ngg-album-gallery-image-counter\">\n                                    <strong>22<\/strong>&nbsp;Zdj\u0119\u0107                            <\/p>\n        <\/div>\n            <div class=\"ngg-album-compact\">\n            <div class=\"ngg-album-compactbox\">\n                <div class=\"ngg-album-link\">\n                                        <a title='Moja_Niepodlegla_2018'\n                       href='https:\/\/zs3.rybnik.pl\/www\/galeria\/nggallery\/20172018\/Moja_Niepodlegla_2018'>\n                        <img class=\"Thumb\"\n                             alt=\"Moja_Niepodlegla_2018\"\n                             src=\"https:\/\/zs3.rybnik.pl\/www\/wp-content\/gallery\/moja_niepodlegla_2018\/cache\/M_Niepodlegla_04.jpg-nggid03929-ngg0dyn-91x68-00f0w010c011r110f110r010t010.jpg\"\/>\n                    <\/a>\n                                    <\/div>\n            <\/div>\n                        <h4>\n                <a class='ngg-album-desc' title='Moja_Niepodlegla_2018'\n                       href='https:\/\/zs3.rybnik.pl\/www\/galeria\/nggallery\/20172018\/Moja_Niepodlegla_2018'style=\"max-width: 111px\">Moja_Niepodlegla_2018<\/a>\n            <\/h4>\n            <p class=\"ngg-album-gallery-image-counter\">\n                                    <strong>4<\/strong>&nbsp;Zdj\u0119\u0107                            <\/p>\n        <\/div>\n            <div class=\"ngg-album-compact\">\n            <div class=\"ngg-album-compactbox\">\n                <div class=\"ngg-album-link\">\n                                        <a title='Erasmus-warsztaty chemiczne'\n                       href='https:\/\/zs3.rybnik.pl\/www\/galeria\/nggallery\/20172018\/Erasmus-warsztaty-chemiczne'>\n                        <img class=\"Thumb\"\n                             alt=\"Erasmus-warsztaty chemiczne\"\n                             src=\"https:\/\/zs3.rybnik.pl\/www\/wp-content\/gallery\/erasmus-warsztaty-chemiczne\/cache\/1.jpg-nggid03943-ngg0dyn-91x68-00f0w010c011r110f110r010t010.jpg\"\/>\n                    <\/a>\n                                    <\/div>\n            <\/div>\n                        <h4>\n                <a class='ngg-album-desc' title='Erasmus-warsztaty chemiczne'\n                       href='https:\/\/zs3.rybnik.pl\/www\/galeria\/nggallery\/20172018\/Erasmus-warsztaty-chemiczne'style=\"max-width: 111px\">Erasmus-warsztaty chemiczne<\/a>\n            <\/h4>\n            <p class=\"ngg-album-gallery-image-counter\">\n                                    <strong>26<\/strong>&nbsp;Zdj\u0119\u0107                            <\/p>\n        <\/div>\n            <div class=\"ngg-album-compact\">\n            <div class=\"ngg-album-compactbox\">\n                <div class=\"ngg-album-link\">\n                                        <a title='Erasmus-wideokonferencja2'\n                       href='https:\/\/zs3.rybnik.pl\/www\/galeria\/nggallery\/20172018\/Erasmus-wideokonferencja2'>\n                        <img class=\"Thumb\"\n                             alt=\"Erasmus-wideokonferencja2\"\n                             src=\"https:\/\/zs3.rybnik.pl\/www\/wp-content\/gallery\/erasmus-wideokonferencja2\/cache\/1.jpg-nggid03973-ngg0dyn-91x68-00f0w010c011r110f110r010t010.jpg\"\/>\n                    <\/a>\n                                    <\/div>\n            <\/div>\n                        <h4>\n                <a class='ngg-album-desc' title='Erasmus-wideokonferencja2'\n                       href='https:\/\/zs3.rybnik.pl\/www\/galeria\/nggallery\/20172018\/Erasmus-wideokonferencja2'style=\"max-width: 111px\">Erasmus-wideokonferencja2<\/a>\n            <\/h4>\n            <p class=\"ngg-album-gallery-image-counter\">\n                                    <strong>17<\/strong>&nbsp;Zdj\u0119\u0107                            <\/p>\n        <\/div>\n            <div class=\"ngg-album-compact\">\n            <div class=\"ngg-album-compactbox\">\n                <div class=\"ngg-album-link\">\n                                        <a title='Festiwal_projekt\u00f3w08.06.2018'\n                       href='https:\/\/zs3.rybnik.pl\/www\/galeria\/nggallery\/20172018\/Festiwal_projekt\u00f3w08.06.2018'>\n                        <img class=\"Thumb\"\n                             alt=\"Festiwal_projekt\u00f3w08.06.2018\"\n                             src=\"https:\/\/zs3.rybnik.pl\/www\/wp-content\/gallery\/festiwal_projektow08-06-2018\/cache\/2a1.jpg-nggid041003-ngg0dyn-91x68-00f0w010c011r110f110r010t010.jpg\"\/>\n                    <\/a>\n                                    <\/div>\n            <\/div>\n                        <h4>\n                <a class='ngg-album-desc' title='Festiwal_projekt\u00f3w08.06.2018'\n                       href='https:\/\/zs3.rybnik.pl\/www\/galeria\/nggallery\/20172018\/Festiwal_projekt\u00f3w08.06.2018'style=\"max-width: 111px\">Festiwal_projekt\u00f3w08.06.2018<\/a>\n            <\/h4>\n            <p class=\"ngg-album-gallery-image-counter\">\n                                    <strong>58<\/strong>&nbsp;Zdj\u0119\u0107                            <\/p>\n        <\/div>\n            <div class=\"ngg-album-compact\">\n            <div class=\"ngg-album-compactbox\">\n                <div class=\"ngg-album-link\">\n                                        <a title='Zako\u0144czenie_roku_2018'\n                       href='https:\/\/zs3.rybnik.pl\/www\/galeria\/nggallery\/20172018\/Zako\u0144czenie_roku_2018'>\n                        <img class=\"Thumb\"\n                             alt=\"Zako\u0144czenie_roku_2018\"\n                             src=\"https:\/\/zs3.rybnik.pl\/www\/wp-content\/gallery\/zakonczenie_roku_2018\/cache\/1.jpg-nggid041082-ngg0dyn-91x68-00f0w010c011r110f110r010t010.jpg\"\/>\n                    <\/a>\n                                    <\/div>\n            <\/div>\n                        <h4>\n                <a class='ngg-album-desc' title='Zako\u0144czenie_roku_2018'\n                       href='https:\/\/zs3.rybnik.pl\/www\/galeria\/nggallery\/20172018\/Zako\u0144czenie_roku_2018'style=\"max-width: 111px\">Zako\u0144czenie_roku_2018<\/a>\n            <\/h4>\n            <p class=\"ngg-album-gallery-image-counter\">\n                                    <strong>18<\/strong>&nbsp;Zdj\u0119\u0107                            <\/p>\n        <\/div>\n        <br class=\"ngg-clear\"\/>\n    <div class='ngg-clear'><\/div><\/div>\nRok szkolny 2016\/2017<\/p>\n<p><div class=\"ngg-albumoverview\">\n            <div class=\"ngg-album-compact\">\n            <div class=\"ngg-album-compactbox\">\n                <div class=\"ngg-album-link\">\n                                        <a title='G6 zdj\u0119cia klasowe'\n                       href='https:\/\/zs3.rybnik.pl\/www\/galeria\/nggallery\/20162017\/g6-zdjecia-klasowe'>\n                        <img class=\"Thumb\"\n                             alt=\"G6 zdj\u0119cia klasowe\"\n                             src=\"https:\/\/zs3.rybnik.pl\/www\/wp-content\/gallery\/g6-zdjecia-klasowe\/cache\/I-b.jpg-nggid011-ngg0dyn-91x68-00f0w010c011r110f110r010t010.jpg\"\/>\n                    <\/a>\n                                    <\/div>\n            <\/div>\n                        <h4>\n                <a class='ngg-album-desc' title='G6 zdj\u0119cia klasowe'\n                       href='https:\/\/zs3.rybnik.pl\/www\/galeria\/nggallery\/20162017\/g6-zdjecia-klasowe'style=\"max-width: 111px\">G6 zdj\u0119cia klasowe<\/a>\n            <\/h4>\n            <p class=\"ngg-album-gallery-image-counter\">\n                                    <strong>8<\/strong>&nbsp;Zdj\u0119\u0107                            <\/p>\n        <\/div>\n            <div class=\"ngg-album-compact\">\n            <div class=\"ngg-album-compactbox\">\n                <div class=\"ngg-album-link\">\n                                        <a title='VLO Zdj\u0119cia klasowe'\n                       href='https:\/\/zs3.rybnik.pl\/www\/galeria\/nggallery\/20162017\/VLO-Zdj\u0119cia-klasowe'>\n                        <img class=\"Thumb\"\n                             alt=\"VLO Zdj\u0119cia klasowe\"\n                             src=\"https:\/\/zs3.rybnik.pl\/www\/wp-content\/gallery\/vlo-zdjecia-klasowe\/cache\/I-A.jpg-nggid0211-ngg0dyn-91x68-00f0w010c011r110f110r010t010.jpg\"\/>\n                    <\/a>\n                                    <\/div>\n            <\/div>\n                        <h4>\n                <a class='ngg-album-desc' title='VLO Zdj\u0119cia klasowe'\n                       href='https:\/\/zs3.rybnik.pl\/www\/galeria\/nggallery\/20162017\/VLO-Zdj\u0119cia-klasowe'style=\"max-width: 111px\">VLO Zdj\u0119cia klasowe<\/a>\n            <\/h4>\n            <p class=\"ngg-album-gallery-image-counter\">\n                                    <strong>9<\/strong>&nbsp;Zdj\u0119\u0107                            <\/p>\n        <\/div>\n            <div class=\"ngg-album-compact\">\n            <div class=\"ngg-album-compactbox\">\n                <div class=\"ngg-album-link\">\n                                        <a title='Dzie\u0144 J\u0119zyk\u00f3w Obcych'\n                       href='https:\/\/zs3.rybnik.pl\/www\/galeria\/nggallery\/20162017\/Dzie\u0144-J\u0119zyk\u00f3w-Obcych'>\n                        <img class=\"Thumb\"\n                             alt=\"Dzie\u0144 J\u0119zyk\u00f3w Obcych\"\n                             src=\"https:\/\/zs3.rybnik.pl\/www\/wp-content\/gallery\/dzien-jezykow-obcych\/cache\/IMG_7812.jpg-nggid03170-ngg0dyn-91x68-00f0w010c011r110f110r010t010.jpg\"\/>\n                    <\/a>\n                                    <\/div>\n            <\/div>\n                        <h4>\n                <a class='ngg-album-desc' title='Dzie\u0144 J\u0119zyk\u00f3w Obcych'\n                       href='https:\/\/zs3.rybnik.pl\/www\/galeria\/nggallery\/20162017\/Dzie\u0144-J\u0119zyk\u00f3w-Obcych'style=\"max-width: 111px\">Dzie\u0144 J\u0119zyk\u00f3w Obcych<\/a>\n            <\/h4>\n            <p class=\"ngg-album-gallery-image-counter\">\n                                    <strong>9<\/strong>&nbsp;Zdj\u0119\u0107                            <\/p>\n        <\/div>\n            <div class=\"ngg-album-compact\">\n            <div class=\"ngg-album-compactbox\">\n                <div class=\"ngg-album-link\">\n                                        <a title='Dzie\u0144 nauczyciela'\n                       href='https:\/\/zs3.rybnik.pl\/www\/galeria\/nggallery\/20162017\/Dzie\u0144-nauczyciela'>\n                        <img class=\"Thumb\"\n                             alt=\"Dzie\u0144 nauczyciela\"\n                             src=\"https:\/\/zs3.rybnik.pl\/www\/wp-content\/gallery\/dzien-nauczyciela\/cache\/DSC_1083.JPG-nggid03179-ngg0dyn-91x68-00f0w010c011r110f110r010t010.JPG\"\/>\n                    <\/a>\n                                    <\/div>\n            <\/div>\n                        <h4>\n                <a class='ngg-album-desc' title='Dzie\u0144 nauczyciela'\n                       href='https:\/\/zs3.rybnik.pl\/www\/galeria\/nggallery\/20162017\/Dzie\u0144-nauczyciela'style=\"max-width: 111px\">Dzie\u0144 nauczyciela<\/a>\n            <\/h4>\n            <p class=\"ngg-album-gallery-image-counter\">\n                                    <strong>9<\/strong>&nbsp;Zdj\u0119\u0107                            <\/p>\n        <\/div>\n            <div class=\"ngg-album-compact\">\n            <div class=\"ngg-album-compactbox\">\n                <div class=\"ngg-album-link\">\n                                        <a title='Otrz\u0119siny Klas I LO'\n                       href='https:\/\/zs3.rybnik.pl\/www\/galeria\/nggallery\/20162017\/Otrz\u0119siny-Klas-I-LO'>\n                        <img class=\"Thumb\"\n                             alt=\"Otrz\u0119siny Klas I LO\"\n                             src=\"https:\/\/zs3.rybnik.pl\/www\/wp-content\/gallery\/otrzesiny-klas-i-lo\/cache\/2.jpg-nggid03188-ngg0dyn-91x68-00f0w010c011r110f110r010t010.jpg\"\/>\n                    <\/a>\n                                    <\/div>\n            <\/div>\n                        <h4>\n                <a class='ngg-album-desc' title='Otrz\u0119siny Klas I LO'\n                       href='https:\/\/zs3.rybnik.pl\/www\/galeria\/nggallery\/20162017\/Otrz\u0119siny-Klas-I-LO'style=\"max-width: 111px\">Otrz\u0119siny Klas I LO<\/a>\n            <\/h4>\n            <p class=\"ngg-album-gallery-image-counter\">\n                                    <strong>9<\/strong>&nbsp;Zdj\u0119\u0107                            <\/p>\n        <\/div>\n            <div class=\"ngg-album-compact\">\n            <div class=\"ngg-album-compactbox\">\n                <div class=\"ngg-album-link\">\n                                        <a title='Wycieczka dydaktyczna klas I Opole'\n                       href='https:\/\/zs3.rybnik.pl\/www\/galeria\/nggallery\/20162017\/Wycieczka-dydaktyczna-klas-I-Opole'>\n                        <img class=\"Thumb\"\n                             alt=\"Wycieczka dydaktyczna klas I Opole\"\n                             src=\"https:\/\/zs3.rybnik.pl\/www\/wp-content\/gallery\/wycieczka-dydaktyczna-klas-i-opole\/cache\/DSC_1214.JPG-nggid03206-ngg0dyn-91x68-00f0w010c011r110f110r010t010.JPG\"\/>\n                    <\/a>\n                                    <\/div>\n            <\/div>\n                        <h4>\n                <a class='ngg-album-desc' title='Wycieczka dydaktyczna klas I Opole'\n                       href='https:\/\/zs3.rybnik.pl\/www\/galeria\/nggallery\/20162017\/Wycieczka-dydaktyczna-klas-I-Opole'style=\"max-width: 111px\">Wycieczka dydaktyczna klas I Opole<\/a>\n            <\/h4>\n            <p class=\"ngg-album-gallery-image-counter\">\n                                    <strong>9<\/strong>&nbsp;Zdj\u0119\u0107                            <\/p>\n        <\/div>\n            <div class=\"ngg-album-compact\">\n            <div class=\"ngg-album-compactbox\">\n                <div class=\"ngg-album-link\">\n                                        <a title='Dzie\u0144 Patrona Szko\u0142y'\n                       href='https:\/\/zs3.rybnik.pl\/www\/galeria\/nggallery\/20162017\/Dzie\u0144-Patrona-Szko\u0142y'>\n                        <img class=\"Thumb\"\n                             alt=\"Dzie\u0144 Patrona Szko\u0142y\"\n                             src=\"https:\/\/zs3.rybnik.pl\/www\/wp-content\/gallery\/dzien-patrona-szkoly\/cache\/DSC_0007.JPG-nggid03197-ngg0dyn-91x68-00f0w010c011r110f110r010t010.JPG\"\/>\n                    <\/a>\n                                    <\/div>\n            <\/div>\n                        <h4>\n                <a class='ngg-album-desc' title='Dzie\u0144 Patrona Szko\u0142y'\n                       href='https:\/\/zs3.rybnik.pl\/www\/galeria\/nggallery\/20162017\/Dzie\u0144-Patrona-Szko\u0142y'style=\"max-width: 111px\">Dzie\u0144 Patrona Szko\u0142y<\/a>\n            <\/h4>\n            <p class=\"ngg-album-gallery-image-counter\">\n                                    <strong>9<\/strong>&nbsp;Zdj\u0119\u0107                            <\/p>\n        <\/div>\n            <div class=\"ngg-album-compact\">\n            <div class=\"ngg-album-compactbox\">\n                <div class=\"ngg-album-link\">\n                                        <a title='Konkurs czytania w j\u0119zykach obcych'\n                       href='https:\/\/zs3.rybnik.pl\/www\/galeria\/nggallery\/20162017\/Konkurs-czytania-w-j\u0119zykach-obcych'>\n                        <img class=\"Thumb\"\n                             alt=\"Konkurs czytania w j\u0119zykach obcych\"\n                             src=\"https:\/\/zs3.rybnik.pl\/www\/wp-content\/gallery\/konkurs-czytania-w-jezykach-obcych\/cache\/DSC_0373.JPG-nggid03215-ngg0dyn-91x68-00f0w010c011r110f110r010t010.JPG\"\/>\n                    <\/a>\n                                    <\/div>\n            <\/div>\n                        <h4>\n                <a class='ngg-album-desc' title='Konkurs czytania w j\u0119zykach obcych'\n                       href='https:\/\/zs3.rybnik.pl\/www\/galeria\/nggallery\/20162017\/Konkurs-czytania-w-j\u0119zykach-obcych'style=\"max-width: 111px\">Konkurs czytania w j\u0119zykach obcych<\/a>\n            <\/h4>\n            <p class=\"ngg-album-gallery-image-counter\">\n                                    <strong>8<\/strong>&nbsp;Zdj\u0119\u0107                            <\/p>\n        <\/div>\n            <div class=\"ngg-album-compact\">\n            <div class=\"ngg-album-compactbox\">\n                <div class=\"ngg-album-link\">\n                                        <a title='Jase\u0142ka'\n                       href='https:\/\/zs3.rybnik.pl\/www\/galeria\/nggallery\/20162017\/Jase\u0142ka'>\n                        <img class=\"Thumb\"\n                             alt=\"Jase\u0142ka\"\n                             src=\"https:\/\/zs3.rybnik.pl\/www\/wp-content\/gallery\/jaselka\/cache\/DSC_0448.JPG-nggid03223-ngg0dyn-91x68-00f0w010c011r110f110r010t010.JPG\"\/>\n                    <\/a>\n                                    <\/div>\n            <\/div>\n                        <h4>\n                <a class='ngg-album-desc' title='Jase\u0142ka'\n                       href='https:\/\/zs3.rybnik.pl\/www\/galeria\/nggallery\/20162017\/Jase\u0142ka'style=\"max-width: 111px\">Jase\u0142ka<\/a>\n            <\/h4>\n            <p class=\"ngg-album-gallery-image-counter\">\n                                    <strong>9<\/strong>&nbsp;Zdj\u0119\u0107                            <\/p>\n        <\/div>\n            <div class=\"ngg-album-compact\">\n            <div class=\"ngg-album-compactbox\">\n                <div class=\"ngg-album-link\">\n                                        <a title='Studni\u00f3wka'\n                       href='https:\/\/zs3.rybnik.pl\/www\/galeria\/nggallery\/20162017\/Studni\u00f3wka'>\n                        <img class=\"Thumb\"\n                             alt=\"Studni\u00f3wka\"\n                             src=\"https:\/\/zs3.rybnik.pl\/www\/wp-content\/gallery\/studniowka\/cache\/DSC_0512.JPG-nggid03232-ngg0dyn-91x68-00f0w010c011r110f110r010t010.JPG\"\/>\n                    <\/a>\n                                    <\/div>\n            <\/div>\n                        <h4>\n                <a class='ngg-album-desc' title='Studni\u00f3wka'\n                       href='https:\/\/zs3.rybnik.pl\/www\/galeria\/nggallery\/20162017\/Studni\u00f3wka'style=\"max-width: 111px\">Studni\u00f3wka<\/a>\n            <\/h4>\n            <p class=\"ngg-album-gallery-image-counter\">\n                                    <strong>11<\/strong>&nbsp;Zdj\u0119\u0107                            <\/p>\n        <\/div>\n        <br class=\"ngg-clear\"\/>\n    <div class='ngg-clear'><\/div><\/div>\n<span style=\"color: #000000;\">Rok szkolny 2015\/2016<\/span><\/p>\n<p><div class=\"ngg-albumoverview\">\n            <div class=\"ngg-album-compact\">\n            <div class=\"ngg-album-compactbox\">\n                <div class=\"ngg-album-link\">\n                                        <a title='Nadanie imienia'\n                       href='https:\/\/zs3.rybnik.pl\/www\/galeria\/nggallery\/20152016\/Nadanie-imienia'>\n                        <img class=\"Thumb\"\n                             alt=\"Nadanie imienia\"\n                             src=\"https:\/\/zs3.rybnik.pl\/www\/wp-content\/gallery\/nadanie-imienia\/cache\/1.jpg-nggid0293-ngg0dyn-91x68-00f0w010c011r110f110r010t010.jpg\"\/>\n                    <\/a>\n                                    <\/div>\n            <\/div>\n                        <h4>\n                <a class='ngg-album-desc' title='Nadanie imienia'\n                       href='https:\/\/zs3.rybnik.pl\/www\/galeria\/nggallery\/20152016\/Nadanie-imienia'style=\"max-width: 111px\">Nadanie imienia<\/a>\n            <\/h4>\n            <p class=\"ngg-album-gallery-image-counter\">\n                                    <strong>77<\/strong>&nbsp;Zdj\u0119\u0107                            <\/p>\n        <\/div>\n        <br class=\"ngg-clear\"\/>\n    <div class='ngg-clear'><\/div><\/div>\n<span style=\"color: #000000;\">Rok szkolny 2014\/2015<\/span><\/p>\n<div class=\"ngg-albumoverview\">\n            <div class=\"ngg-album-compact\">\n            <div class=\"ngg-album-compactbox\">\n                <div class=\"ngg-album-link\">\n                                        <a title='VLO Festiwal projekt\u00f3w'\n                       href='https:\/\/zs3.rybnik.pl\/www\/galeria\/nggallery\/20142015\/Festiwal-projekt\u00f3w'>\n                        <img class=\"Thumb\"\n                             alt=\"VLO Festiwal projekt\u00f3w\"\n                             src=\"https:\/\/zs3.rybnik.pl\/www\/wp-content\/gallery\/festiwal-projektow\/cache\/01.jpg-nggid0220-ngg0dyn-91x68-00f0w010c011r110f110r010t010.jpg\"\/>\n                    <\/a>\n                                    <\/div>\n            <\/div>\n                        <h4>\n                <a class='ngg-album-desc' title='VLO Festiwal projekt\u00f3w'\n                       href='https:\/\/zs3.rybnik.pl\/www\/galeria\/nggallery\/20142015\/Festiwal-projekt\u00f3w'style=\"max-width: 111px\">VLO Festiwal projekt\u00f3w<\/a>\n            <\/h4>\n            <p class=\"ngg-album-gallery-image-counter\">\n                                    <strong>9<\/strong>&nbsp;Zdj\u0119\u0107                            <\/p>\n        <\/div>\n            <div class=\"ngg-album-compact\">\n            <div class=\"ngg-album-compactbox\">\n                <div class=\"ngg-album-link\">\n                                        <a title='G6 wybpry prezydenckie'\n                       href='https:\/\/zs3.rybnik.pl\/www\/galeria\/nggallery\/20142015\/G6-wybpry-prezydenckie'>\n                        <img class=\"Thumb\"\n                             alt=\"G6 wybpry prezydenckie\"\n                             src=\"https:\/\/zs3.rybnik.pl\/www\/wp-content\/gallery\/g6-wybpry-prezydenckie\/cache\/01.jpg-nggid0229-ngg0dyn-91x68-00f0w010c011r110f110r010t010.jpg\"\/>\n                    <\/a>\n                                    <\/div>\n            <\/div>\n                        <h4>\n                <a class='ngg-album-desc' title='G6 wybpry prezydenckie'\n                       href='https:\/\/zs3.rybnik.pl\/www\/galeria\/nggallery\/20142015\/G6-wybpry-prezydenckie'style=\"max-width: 111px\">G6 wybpry prezydenckie<\/a>\n            <\/h4>\n            <p class=\"ngg-album-gallery-image-counter\">\n                                    <strong>12<\/strong>&nbsp;Zdj\u0119\u0107                            <\/p>\n        <\/div>\n            <div class=\"ngg-album-compact\">\n            <div class=\"ngg-album-compactbox\">\n                <div class=\"ngg-album-link\">\n                                        <a title='VLO dzie\u0144 otwarty'\n                       href='https:\/\/zs3.rybnik.pl\/www\/galeria\/nggallery\/20142015\/VLO-dzie\u0144-otwarty'>\n                        <img class=\"Thumb\"\n                             alt=\"VLO dzie\u0144 otwarty\"\n                             src=\"https:\/\/zs3.rybnik.pl\/www\/wp-content\/gallery\/vlo-dzien-otwarty\/cache\/01.jpg-nggid0241-ngg0dyn-91x68-00f0w010c011r110f110r010t010.jpg\"\/>\n                    <\/a>\n                                    <\/div>\n            <\/div>\n                        <h4>\n                <a class='ngg-album-desc' title='VLO dzie\u0144 otwarty'\n                       href='https:\/\/zs3.rybnik.pl\/www\/galeria\/nggallery\/20142015\/VLO-dzie\u0144-otwarty'style=\"max-width: 111px\">VLO dzie\u0144 otwarty<\/a>\n            <\/h4>\n            <p class=\"ngg-album-gallery-image-counter\">\n                                    <strong>18<\/strong>&nbsp;Zdj\u0119\u0107                            <\/p>\n        <\/div>\n            <div class=\"ngg-album-compact\">\n            <div class=\"ngg-album-compactbox\">\n                <div class=\"ngg-album-link\">\n                                        <a title='G6 dzie\u0144 otwarty'\n                       href='https:\/\/zs3.rybnik.pl\/www\/galeria\/nggallery\/20142015\/G6-dzie\u0144-otwarty'>\n                        <img class=\"Thumb\"\n                             alt=\"G6 dzie\u0144 otwarty\"\n                             src=\"https:\/\/zs3.rybnik.pl\/www\/wp-content\/gallery\/g6-dzien-otwarty\/cache\/01.jpg-nggid0259-ngg0dyn-91x68-00f0w010c011r110f110r010t010.jpg\"\/>\n                    <\/a>\n                                    <\/div>\n            <\/div>\n                        <h4>\n                <a class='ngg-album-desc' title='G6 dzie\u0144 otwarty'\n                       href='https:\/\/zs3.rybnik.pl\/www\/galeria\/nggallery\/20142015\/G6-dzie\u0144-otwarty'style=\"max-width: 111px\">G6 dzie\u0144 otwarty<\/a>\n            <\/h4>\n            <p class=\"ngg-album-gallery-image-counter\">\n                                    <strong>6<\/strong>&nbsp;Zdj\u0119\u0107                            <\/p>\n        <\/div>\n            <div class=\"ngg-album-compact\">\n            <div class=\"ngg-album-compactbox\">\n                <div class=\"ngg-album-link\">\n                                        <a title='Zaj\u0119cia w laboratorium'\n                       href='https:\/\/zs3.rybnik.pl\/www\/galeria\/nggallery\/20142015\/Zaj\u0119cia-w-laboratorium'>\n                        <img class=\"Thumb\"\n                             alt=\"Zaj\u0119cia w laboratorium\"\n                             src=\"https:\/\/zs3.rybnik.pl\/www\/wp-content\/gallery\/zajecia-w-laboratorium\/cache\/01.jpg-nggid0265-ngg0dyn-91x68-00f0w010c011r110f110r010t010.jpg\"\/>\n                    <\/a>\n                                    <\/div>\n            <\/div>\n                        <h4>\n                <a class='ngg-album-desc' title='Zaj\u0119cia w laboratorium'\n                       href='https:\/\/zs3.rybnik.pl\/www\/galeria\/nggallery\/20142015\/Zaj\u0119cia-w-laboratorium'style=\"max-width: 111px\">Zaj\u0119cia w laboratorium<\/a>\n            <\/h4>\n            <p class=\"ngg-album-gallery-image-counter\">\n                                    <strong>8<\/strong>&nbsp;Zdj\u0119\u0107                            <\/p>\n        <\/div>\n            <div class=\"ngg-album-compact\">\n            <div class=\"ngg-album-compactbox\">\n                <div class=\"ngg-album-link\">\n                                        <a title='Konkurs przyrodniczy'\n                       href='https:\/\/zs3.rybnik.pl\/www\/galeria\/nggallery\/20142015\/Konkurs-przyrodniczy'>\n                        <img class=\"Thumb\"\n                             alt=\"Konkurs przyrodniczy\"\n                             src=\"https:\/\/zs3.rybnik.pl\/www\/wp-content\/gallery\/konkurs-przyrodniczy\/cache\/01.jpg-nggid0273-ngg0dyn-91x68-00f0w010c011r110f110r010t010.jpg\"\/>\n                    <\/a>\n                                    <\/div>\n            <\/div>\n                        <h4>\n                <a class='ngg-album-desc' title='Konkurs przyrodniczy'\n                       href='https:\/\/zs3.rybnik.pl\/www\/galeria\/nggallery\/20142015\/Konkurs-przyrodniczy'style=\"max-width: 111px\">Konkurs przyrodniczy<\/a>\n            <\/h4>\n            <p class=\"ngg-album-gallery-image-counter\">\n                                    <strong>7<\/strong>&nbsp;Zdj\u0119\u0107                            <\/p>\n        <\/div>\n            <div class=\"ngg-album-compact\">\n            <div class=\"ngg-album-compactbox\">\n                <div class=\"ngg-album-link\">\n                                        <a title='Zdrowe od\u017cywianie'\n                       href='https:\/\/zs3.rybnik.pl\/www\/galeria\/nggallery\/20142015\/Zdrowe-od\u017cywianie'>\n                        <img class=\"Thumb\"\n                             alt=\"Zdrowe od\u017cywianie\"\n                             src=\"https:\/\/zs3.rybnik.pl\/www\/wp-content\/gallery\/zdrowe-odzywianie\/cache\/01.jpg-nggid0282-ngg0dyn-91x68-00f0w010c011r110f110r010t010.jpg\"\/>\n                    <\/a>\n                                    <\/div>\n            <\/div>\n                        <h4>\n                <a class='ngg-album-desc' title='Zdrowe od\u017cywianie'\n                       href='https:\/\/zs3.rybnik.pl\/www\/galeria\/nggallery\/20142015\/Zdrowe-od\u017cywianie'style=\"max-width: 111px\">Zdrowe od\u017cywianie<\/a>\n            <\/h4>\n            <p class=\"ngg-album-gallery-image-counter\">\n                                    <strong>4<\/strong>&nbsp;Zdj\u0119\u0107                            <\/p>\n        <\/div>\n            <div class=\"ngg-album-compact\">\n            <div class=\"ngg-album-compactbox\">\n                <div class=\"ngg-album-link\">\n                                        <a title='VLO wycieczka klas I do Wroc\u0142awia'\n                       href='https:\/\/zs3.rybnik.pl\/www\/galeria\/nggallery\/20142015\/VLO-wycieczka-klas-I-do-Wroc\u0142awia'>\n                        <img class=\"Thumb\"\n                             alt=\"VLO wycieczka klas I do Wroc\u0142awia\"\n                             src=\"https:\/\/zs3.rybnik.pl\/www\/wp-content\/gallery\/vlo-wycieczka-klas-i-do-wroclawia\/cache\/01.jpg-nggid0286-ngg0dyn-91x68-00f0w010c011r110f110r010t010.jpg\"\/>\n                    <\/a>\n                                    <\/div>\n            <\/div>\n                        <h4>\n                <a class='ngg-album-desc' title='VLO wycieczka klas I do Wroc\u0142awia'\n                       href='https:\/\/zs3.rybnik.pl\/www\/galeria\/nggallery\/20142015\/VLO-wycieczka-klas-I-do-Wroc\u0142awia'style=\"max-width: 111px\">VLO wycieczka klas I do Wroc\u0142awia<\/a>\n            <\/h4>\n            <p class=\"ngg-album-gallery-image-counter\">\n                                    <strong>7<\/strong>&nbsp;Zdj\u0119\u0107                            <\/p>\n        <\/div>\n        <br class=\"ngg-clear\"\/>\n    <div class='ngg-clear'><\/div><\/div>\n\n","protected":false},"excerpt":{"rendered":"<p>Rok szkolny 2017\/2018 Rok szkolny 2016\/2017 Rok szkolny 2015\/2016 Rok szkolny 2014\/2015<\/p>\n","protected":false},"author":1,"featured_media":0,"parent":0,"menu_order":0,"comment_status":"closed","ping_status":"closed","template":"","meta":{"ngg_post_thumbnail":0},"_links":{"self":[{"href":"https:\/\/zs3.rybnik.pl\/www\/wp-json\/wp\/v2\/pages\/98"}],"collection":[{"href":"https:\/\/zs3.rybnik.pl\/www\/wp-json\/wp\/v2\/pages"}],"about":[{"href":"https:\/\/zs3.rybnik.pl\/www\/wp-json\/wp\/v2\/types\/page"}],"author":[{"embeddable":true,"href":"https:\/\/zs3.rybnik.pl\/www\/wp-json\/wp\/v2\/users\/1"}],"replies":[{"embeddable":true,"href":"https:\/\/zs3.rybnik.pl\/www\/wp-json\/wp\/v2\/comments?post=98"}],"version-history":[{"count":47,"href":"https:\/\/zs3.rybnik.pl\/www\/wp-json\/wp\/v2\/pages\/98\/revisions"}],"predecessor-version":[{"id":2223,"href":"https:\/\/zs3.rybnik.pl\/www\/wp-json\/wp\/v2\/pages\/98\/revisions\/2223"}],"wp:attachment":[{"href":"https:\/\/zs3.rybnik.pl\/www\/wp-json\/wp\/v2\/media?parent=98"}],"curies":[{"name":"wp","href":"https:\/\/api.w.org\/{rel}","templated":true}]}}